{"id":127142,"date":"2023-02-09T09:34:59","date_gmt":"2023-02-09T08:34:59","guid":{"rendered":"https:\/\/www.eltako.com\/dataskydds-information-foer-gfa-5-app\/"},"modified":"2023-02-09T09:36:31","modified_gmt":"2023-02-09T08:36:31","slug":"dataskydds-information-foer-gfa-5-app","status":"publish","type":"page","link":"https:\/\/www.eltako.com\/sv\/dataskydds-information-foer-gfa-5-app\/","title":{"rendered":"Dataskydds information f\u00f6r GFA 5-APP"},"content":{"rendered":"\n<h2 class=\"wp-block-heading\">I enlighet med art. 13 i den allm\u00e4nna dataskyddsf\u00f6rordningen (GDPR)<\/h2>\n\n<div style=\"height:30px\" aria-hidden=\"true\" class=\"wp-block-spacer\"><\/div>\n\n<p>Dataskydd \u00e4r viktigt f\u00f6r oss och en del av v\u00e5r uppf\u00f6randekod. F\u00f6ljande information f\u00f6rklarar hur vi samlar in och anv\u00e4nder dina personuppgifter och beskriver dina r\u00e4ttigheter.<\/p>\n\n<p><strong>1. Databehandlingsansvarig enhet och kontaktperson<\/strong><br\/>Eltako GmbH<br\/>Hofener Stra\u00dfe 54<br\/>70736 Fellbach<br\/>Styrelse: Horst Ulrich Ziegler, Ulrich Ziegler<br\/>Epost: <a href=\"mailto:info@eltako.de\">info@eltako.de<\/a><\/p>\n\n<p><strong>2. Kontaktuppgifter till dataskyddsombudet (DPO)<\/strong><br\/>Stefan Knecht<br\/>Tel.: +49 (0) 7021 487628<br\/>Epost: <a href=\"mailto:datenschutz@eltako.de\">datenschutz@eltako.de<\/a><\/p>\n\n<p><strong>3. Syfte och r\u00e4ttslig grund p\u00e5 vilken vi behandlar personuppgifter<\/strong><br\/>Dina personuppgifter kommer att behandlas i enlighet med best\u00e4mmelserna i General Data Protection Regulation (GDPR), Telecommunications Telemedia Data Protection Act (TTDSG) och andra relevanta dataskyddsbest\u00e4mmelser. Du kan hitta ytterligare detaljer och till\u00e4gg om uppgifterna och dess behandlings\u00e4ndam\u00e5l i v\u00e5ra avtalsdokument (EULA).<\/p>\n\n<p><strong>3.1 Samtycke (art. 6 para. 1 (a) GDPR)<\/strong><br\/>Om du har gett oss ett aktivt samtycke till att behandla personuppgifter f\u00f6r ett specifikt \u00e4ndam\u00e5l \u00e4r respektive samtycke den r\u00e4ttsliga grunden f\u00f6r den behandling som n\u00e4mns d\u00e4r. Du kan n\u00e4r som helst \u00e5terkalla samtycke med verkan f\u00f6r framtiden. &gt;&gt; &gt;&gt; Observera att samtycke f\u00f6r databehandling i Tyskland endast g\u00e4ller fr\u00e5n 16 \u00e5rs \u00e5lder. Om du \u00e4r yngre \u00e4n 16, fr\u00e5ga din v\u00e5rdnadshavare om tillst\u00e5nd. Du ger ditt samtycke till exempel genom att aktivera befintliga gr\u00e4nssnitt eller komfortfunktioner. Detta \u00e4r s\u00e4rskilt fallet med r\u00f6ststyrning. Innan du aktiverar\/samtycker, v\u00e4nligen l\u00e4s de giltiga databehandlingsinstruktionerna fr\u00e5n tj\u00e4nsteleverant\u00f6rerna som ocks\u00e5 anv\u00e4nder dina uppgifter f\u00f6r sina egna \u00e4ndam\u00e5l. I detta sammanhang h\u00e4nvisar vi uttryckligen till avsnitt 6 om l\u00e4mpliga garantier.<br\/><a href=\"https:\/\/policies.google.com\/privacy?hl=de\" target=\"_blank\" rel=\"noreferrer noopener\">https:\/\/policies.google.com\/privacy?hl=de<\/a><br\/><a href=\"https:\/\/www.amazon.de\/Datenschutzportal-f%C3%BCr-Alexa\/\" target=\"_blank\" rel=\"noreferrer noopener\">https:\/\/www.amazon.de\/Datenschutzportal-f%C3%BCr-Alexa\/<\/a><\/p>\n\n<p><strong>3.2 Utf\u00f6rande av avtalsenliga skyldigheter (art. 6 para. 1 (b) GDPR)<\/strong><br\/>Vi behandlar dina personuppgifter baserat p\u00e5 v\u00e5rt slutanv\u00e4ndarlicensavtal med dig. Uppgifterna behandlas f\u00f6r f\u00f6ljande \u00e4ndam\u00e5l:<\/p>\n\n<ul class=\"wp-block-list\">\n<li>Etablera ett kundkonto med molnfunktionalitet<\/li>\n\n\n\n<li>S\u00e4kerst\u00e4ll funktionalitet<\/li>\n\n\n\n<li>Tillhandah\u00e5lla och f\u00f6rb\u00e4ttra produkter och tj\u00e4nster\/tj\u00e4nster<\/li>\n\n\n\n<li>Ge produktsupport<\/li>\n\n\n\n<li>Verifiera \u00f6verensst\u00e4mmelse med licensavtalet<\/li>\n\n\n\n<li>Dokument godk\u00e4nnande av EULA<\/li>\n<\/ul>\n\n<p><strong>3.3 Efterlevnad av r\u00e4ttsliga skyldigheter (art. 6 para. 1 (c) GDPR)<\/strong><br\/>Vi behandlar dina personuppgifter om detta \u00e4r n\u00f6dv\u00e4ndigt f\u00f6r att uppfylla r\u00e4ttsliga skyldigheter. Till exempel p\u00e5 order av ett informationsf\u00f6rfarande eller en lagringstid i enlighet med skattelagstiftningen.<\/p>\n\n<p><strong>3.4 Ber\u00e4ttigade intressen som efterstr\u00e4vas av oss eller en tredje part (art. 6 para. 1 (f) GDPR)<\/strong><br\/>Vi kan ocks\u00e5 anv\u00e4nda dina personuppgifter p\u00e5 grundval av en intresseavv\u00e4gning f\u00f6r att skydda oss eller tredje parts legitima intressen. Detta g\u00f6rs i f\u00f6ljande syften:<\/p>\n\n<ul class=\"wp-block-list\">\n<li>F\u00f6r att f\u00f6rsvara eller h\u00e4vda r\u00e4ttsliga anspr\u00e5k<\/li>\n\n\n\n<li>Missbrukskontroll och s\u00e4kerst\u00e4lla system\/n\u00e4tverkss\u00e4kerhet<\/li>\n\n\n\n<li>Icke-personifierad statistik f\u00f6r att f\u00f6rb\u00e4ttra produkter och marknadsf\u00f6ringskoncept<\/li>\n\n\n\n<li>Intresserelaterade annonsering utf\u00f6rs f\u00f6r n\u00e4rvarande inte. Skulle detta implementeras senare kommer v\u00e5ra anv\u00e4ndare att f\u00e5 ett OPT-OUT-alternativ f\u00f6r den tillh\u00f6rande automatiska aggregeringen\/analys av data.<\/li>\n<\/ul>\n\n<p><strong>4. Kategorier av personuppgifter vi behandlar<\/strong><br\/>F\u00f6ljande data kommer att behandlas:<\/p>\n\n<ul class=\"wp-block-list\">\n<li>Efternamn, f\u00f6rnamn -&gt; Du beh\u00f6ver inte ange ditt riktiga namn h\u00e4r. En pseudonym r\u00e4cker.<\/li>\n\n\n\n<li>Kontodata (e-postadress, l\u00f6senord och tillh\u00f6rande tillhandah\u00e5llet inneh\u00e5ll (inl\u00e4rda enheter och serienummer).<\/li>\n\n\n\n<li>IP adress och tidsst\u00e4mpel<\/li>\n\n\n\n<li>Diagnostik data<\/li>\n\n\n\n<li>System- och enhetsdata f\u00f6r din terminalenhet<\/li>\n\n\n\n<li>Enhetsh\u00e4ndelser och enhetstillst\u00e5nd n\u00e4r du rapporterar ett fel<\/li>\n\n\n\n<li>Data som genereras n\u00e4r bekv\u00e4mlighetsfunktioner aktiveras (t.ex. plats, anslutning av r\u00f6ststyrning)<\/li>\n<\/ul>\n\n<p><strong>5. Vem kommer att f\u00e5 se dina uppgifter?<\/strong><br\/>Vi vidarebefordrar endast personuppgifter om det finns en laglig grund f\u00f6r att g\u00f6ra det och\/eller l\u00e4mpliga garantier finns f\u00f6r dina r\u00e4ttigheter och friheter.<\/p>\n\n<p>Vi vidarebefordrar dina personuppgifter inom v\u00e5rt f\u00f6retag till de positioner som kr\u00e4ver dessa uppgifter f\u00f6r att uppfylla avtalsenliga och juridiska skyldigheter. Dessutom f\u00e5r f\u00f6ljande enheter din data:<\/p>\n\n<ul class=\"wp-block-list\">\n<li>Best\u00e4llningsprocessorer som anv\u00e4nds av oss (Art. 28 GDPR) eller tj\u00e4nsteleverant\u00f6rer f\u00f6r st\u00f6djande aktiviteter, s\u00e4rskilt inom omr\u00e5dena IT-tj\u00e4nster, mjukvaruleverant\u00f6rer, externa datacenter, support\/underh\u00e5ll av IT-applikationer, hosting, utveckling, analys, bekv\u00e4mlighetsfunktioner.<\/li>\n\n\n\n<li>Oberoende tredje part n\u00e4r det \u00e4r n\u00f6dv\u00e4ndigt f\u00f6r att uppfylla lagkrav (t.ex. skatter\u00e5dgivare).<\/li>\n<\/ul>\n\n<p>V\u00e5ra utvalda tj\u00e4nsteleverant\u00f6rer m\u00e5ste uppfylla specifika konfidentialitetskrav. De ges tillg\u00e5ng till personuppgifter i begr\u00e4nsad omfattning och under en begr\u00e4nsad tid, vilket \u00e4r n\u00f6dv\u00e4ndigt f\u00f6r att utf\u00f6ra uppgiften\/uppgifterna.<\/p>\n\n<p><strong>6. \u00d6verf\u00f6ring av personuppgifter till ett tredjeland eller internationell organisation<\/strong><br\/>N\u00e4r du aktiverar bekv\u00e4mlighetsfunktioner, s\u00e4rskilt r\u00f6ststyrning, tar tredjepartsleverant\u00f6rer i ett os\u00e4kert tredjeland emot din data S\u00e5vitt vi vet finns det inga l\u00e4mpliga garantier f\u00f6r dina r\u00e4ttigheter och friheter f\u00f6r dessa data\u00f6verf\u00f6ringar. Var medveten om detta innan du anv\u00e4nder dessa gr\u00e4nssnitt.<\/p>\n\n<p>Fr\u00e5n v\u00e5r sida sker ingen databehandling utanf\u00f6r EU eller EES. Om vi senare skulle besluta att g\u00f6ra det, kommer vi att l\u00e4gga s\u00e4rskild vikt vid l\u00e4mpliga skydds\u00e5tg\u00e4rder.<\/p>\n\n<p><strong>7. Hur l\u00e4nge vi kommer att beh\u00e5lla din information<\/strong><br\/>Lagringstiden beror p\u00e5 syftet med behandlingen och \u00e4r s\u00e5 l\u00e5ng som det \u00e4r n\u00f6dv\u00e4ndigt f\u00f6r att uppn\u00e5 det efterstr\u00e4vade syftet. D\u00e4refter kommer uppgifterna att raderas eller o\u00e5terkalleligt anonymiseras, t.ex. genom att samla eller ta bort all data som skulle m\u00f6jligg\u00f6ra omidentifiering.<br\/><br\/>Om det finns en laglig preskriptionstid beh\u00e5ller vi vissa personuppgifter till slutet av den perioden.<br\/><br\/>Om juridiska skyldigheter kr\u00e4ver att vi forts\u00e4tter att lagra uppgifterna, kommer behandlingen att begr\u00e4nsas och uppgifterna blockeras fr\u00e5n \u00e5tkomst.<br\/>Du kan sj\u00e4lv radera ditt kundkonto via APPEN.<\/p>\n\n<p><strong>8. I vilken utstr\u00e4ckning anv\u00e4nder vi automatiserat individuellt beslutsfattande (inklusive profilering)?<\/strong><br\/>Vi anv\u00e4nder inte n\u00e5gra rent automatiserade beslutsprocesser i enlighet med artikel 22 GDPR. Skulle vi n\u00e5gonsin anv\u00e4nda s\u00e5dana processer i enskilda fall kommer du att meddelas om s\u00e5dana separat om det kr\u00e4vs enligt lag.<\/p>\n\n<p><strong>9. Din dataskyddsr\u00e4tt <\/strong><br\/>Du har r\u00e4tt till information enligt artikel 15 GDPR, r\u00e4tt till r\u00e4ttelse enligt artikel 16 GDPR, r\u00e4tt till radering (r\u00e4tten att bli gl\u00f6md) enligt artikel 17 GDPR, r\u00e4tt till begr\u00e4nsning av behandling enligt artikel 18 GDPR och r\u00e4tt att dataportabilitet enligt artikel 20 GDPR. I princip finns r\u00e4tten att inv\u00e4nda mot behandlingen av personuppgifter av oss enligt artikel 21 GDPR, f\u00f6rutsatt att behandlingen grundar sig p\u00e5 ett ber\u00e4ttigat intresse (art. 6(1)(f) GDPR). Denna r\u00e4tt att inv\u00e4nda g\u00e4ller dock endast vid mycket speciella omst\u00e4ndigheter i din personliga situation, varvid r\u00e4ttigheter f\u00f6r v\u00e5rt f\u00f6retag eventuellt kan komma i konflikt med din r\u00e4tt att inv\u00e4nda.<br\/>Begr\u00e4nsningarna enligt 34 och 35 \u00a7\u00a7 BDSG g\u00e4ller r\u00e4tten till information och r\u00e4tten till raderingn.<br\/>Om du vill h\u00e4vda en av dessa r\u00e4ttigheter, v\u00e4nligen kontakta v\u00e5rt dataskyddsombud p\u00e5 <a href=\"mailto:datenschutz@eltako.de\">datenschutz@eltako.de<\/a>.<br\/><br\/>Du har r\u00e4tt att \u00f6verklaga till dataskyddsmyndigheten (Art. 77 GDPR) Den tillsynsmyndighet som ansvarar f\u00f6r oss \u00e4r:<br\/>Statens kommission f\u00f6r dataskydd och informationsfrihet<br\/>Lautenschlagerstrasse 20<br\/>70173 Stuttgart<\/p>\n\n<p><strong>10. Omfattningen av dina skyldigheter att f\u00f6rse oss med dina uppgifter<\/strong><br\/>Du beh\u00f6ver bara tillhandah\u00e5lla de uppgifter som \u00e4r n\u00f6dv\u00e4ndiga f\u00f6r att fullg\u00f6ra avtalet, i synnerhet funktionalitet, f\u00f6rb\u00e4ttring och supporttj\u00e4nster. N\u00e4r det g\u00e4ller valfria uppgifter kan underl\u00e5tenhet att tillhandah\u00e5lla dem inneb\u00e4ra att tj\u00e4nsten inte kan tillhandah\u00e5llas som vanligt, till exempel aktivering av bekv\u00e4mlighetsfunktioner.<\/p>\n\n<div style=\"height:30px\" aria-hidden=\"true\" class=\"wp-block-spacer\"><\/div>\n\n<p>Statuerad: 01\/27\/2023<\/p>\n","protected":false},"excerpt":{"rendered":"<p>I enlighet med art. 13 i den allm\u00e4nna dataskyddsf\u00f6rordningen (GDPR) Dataskydd \u00e4r viktigt f\u00f6r oss och en del av v\u00e5r uppf\u00f6randekod. F\u00f6ljande information f\u00f6rklarar hur vi samlar in och anv\u00e4nder dina personuppgifter och beskriver dina r\u00e4ttigheter. 1. Databehandlingsansvarig enhet och kontaktpersonEltako GmbHHofener Stra\u00dfe 5470736 FellbachStyrelse: Horst Ulrich Ziegler, Ulrich ZieglerEpost: info@eltako.de 2. Kontaktuppgifter till dataskyddsombudet [&hellip;]<\/p>\n","protected":false},"author":39,"featured_media":0,"parent":0,"menu_order":0,"comment_status":"closed","ping_status":"closed","template":"","meta":{"_acf_changed":false,"footnotes":"","_links_to":"","_links_to_target":""},"class_list":["post-127142","page","type-page","status-publish","hentry"],"acf":[],"yoast_head":"<!-- This site is optimized with the Yoast SEO plugin v27.2 - https:\/\/yoast.com\/product\/yoast-seo-wordpress\/ -->\n<title>Dataskydds information f\u00f6r GFA 5-APP &#187; Eltako<\/title>\n<meta name=\"robots\" content=\"index, follow, max-snippet:-1, max-image-preview:large, max-video-preview:-1\" \/>\n<link rel=\"canonical\" href=\"https:\/\/www.eltako.com\/sv\/dataskydds-information-foer-gfa-5-app\/\" \/>\n<meta property=\"og:locale\" content=\"sv_SE\" \/>\n<meta property=\"og:type\" content=\"article\" \/>\n<meta property=\"og:title\" content=\"Dataskydds information f\u00f6r GFA 5-APP &#187; Eltako\" \/>\n<meta property=\"og:description\" content=\"I enlighet med art. 13 i den allm\u00e4nna dataskyddsf\u00f6rordningen (GDPR) Dataskydd \u00e4r viktigt f\u00f6r oss och en del av v\u00e5r uppf\u00f6randekod. F\u00f6ljande information f\u00f6rklarar hur vi samlar in och anv\u00e4nder dina personuppgifter och beskriver dina r\u00e4ttigheter. 1. Databehandlingsansvarig enhet och kontaktpersonEltako GmbHHofener Stra\u00dfe 5470736 FellbachStyrelse: Horst Ulrich Ziegler, Ulrich ZieglerEpost: info@eltako.de 2. Kontaktuppgifter till dataskyddsombudet [&hellip;]\" \/>\n<meta property=\"og:url\" content=\"https:\/\/www.eltako.com\/sv\/dataskydds-information-foer-gfa-5-app\/\" \/>\n<meta property=\"og:site_name\" content=\"Eltako\" \/>\n<meta property=\"article:modified_time\" content=\"2023-02-09T08:36:31+00:00\" \/>\n<meta name=\"twitter:card\" content=\"summary_large_image\" \/>\n<meta name=\"twitter:label1\" content=\"Ber\u00e4knad l\u00e4stid\" \/>\n\t<meta name=\"twitter:data1\" content=\"6 minuter\" \/>\n<script type=\"application\/ld+json\" class=\"yoast-schema-graph\">{\"@context\":\"https:\/\/schema.org\",\"@graph\":[{\"@type\":\"WebPage\",\"@id\":\"https:\/\/www.eltako.com\/sv\/dataskydds-information-foer-gfa-5-app\/\",\"url\":\"https:\/\/www.eltako.com\/sv\/dataskydds-information-foer-gfa-5-app\/\",\"name\":\"Dataskydds information f\u00f6r GFA 5-APP &#187; Eltako\",\"isPartOf\":{\"@id\":\"https:\/\/www.eltako.com\/en\/#website\"},\"datePublished\":\"2023-02-09T08:34:59+00:00\",\"dateModified\":\"2023-02-09T08:36:31+00:00\",\"breadcrumb\":{\"@id\":\"https:\/\/www.eltako.com\/sv\/dataskydds-information-foer-gfa-5-app\/#breadcrumb\"},\"inLanguage\":\"sv-SE\",\"potentialAction\":[{\"@type\":\"ReadAction\",\"target\":[\"https:\/\/www.eltako.com\/sv\/dataskydds-information-foer-gfa-5-app\/\"]}]},{\"@type\":\"BreadcrumbList\",\"@id\":\"https:\/\/www.eltako.com\/sv\/dataskydds-information-foer-gfa-5-app\/#breadcrumb\",\"itemListElement\":[{\"@type\":\"ListItem\",\"position\":1,\"name\":\"Hemsida\",\"item\":\"https:\/\/www.eltako.com\/sv\/\"},{\"@type\":\"ListItem\",\"position\":2,\"name\":\"Dataskydds information f\u00f6r GFA 5-APP\"}]},{\"@type\":\"WebSite\",\"@id\":\"https:\/\/www.eltako.com\/en\/#website\",\"url\":\"https:\/\/www.eltako.com\/en\/\",\"name\":\"Eltako\",\"description\":\"Schaltger\u00e4te, Netzteile, Stromz\u00e4hler, Dimmer, Geb\u00e4udeinstallation, Steuerungstechnik, Smart Home-L\u00f6sungen, Geb\u00e4udefunk, EnOcean-Technologie\",\"potentialAction\":[{\"@type\":\"SearchAction\",\"target\":{\"@type\":\"EntryPoint\",\"urlTemplate\":\"https:\/\/www.eltako.com\/en\/?s={search_term_string}\"},\"query-input\":{\"@type\":\"PropertyValueSpecification\",\"valueRequired\":true,\"valueName\":\"search_term_string\"}}],\"inLanguage\":\"sv-SE\"}]}<\/script>\n<!-- \/ Yoast SEO plugin. -->","yoast_head_json":{"title":"Dataskydds information f\u00f6r GFA 5-APP &#187; Eltako","robots":{"index":"index","follow":"follow","max-snippet":"max-snippet:-1","max-image-preview":"max-image-preview:large","max-video-preview":"max-video-preview:-1"},"canonical":"https:\/\/www.eltako.com\/sv\/dataskydds-information-foer-gfa-5-app\/","og_locale":"sv_SE","og_type":"article","og_title":"Dataskydds information f\u00f6r GFA 5-APP &#187; Eltako","og_description":"I enlighet med art. 13 i den allm\u00e4nna dataskyddsf\u00f6rordningen (GDPR) Dataskydd \u00e4r viktigt f\u00f6r oss och en del av v\u00e5r uppf\u00f6randekod. F\u00f6ljande information f\u00f6rklarar hur vi samlar in och anv\u00e4nder dina personuppgifter och beskriver dina r\u00e4ttigheter. 1. Databehandlingsansvarig enhet och kontaktpersonEltako GmbHHofener Stra\u00dfe 5470736 FellbachStyrelse: Horst Ulrich Ziegler, Ulrich ZieglerEpost: info@eltako.de 2. Kontaktuppgifter till dataskyddsombudet [&hellip;]","og_url":"https:\/\/www.eltako.com\/sv\/dataskydds-information-foer-gfa-5-app\/","og_site_name":"Eltako","article_modified_time":"2023-02-09T08:36:31+00:00","twitter_card":"summary_large_image","twitter_misc":{"Ber\u00e4knad l\u00e4stid":"6 minuter"},"schema":{"@context":"https:\/\/schema.org","@graph":[{"@type":"WebPage","@id":"https:\/\/www.eltako.com\/sv\/dataskydds-information-foer-gfa-5-app\/","url":"https:\/\/www.eltako.com\/sv\/dataskydds-information-foer-gfa-5-app\/","name":"Dataskydds information f\u00f6r GFA 5-APP &#187; Eltako","isPartOf":{"@id":"https:\/\/www.eltako.com\/en\/#website"},"datePublished":"2023-02-09T08:34:59+00:00","dateModified":"2023-02-09T08:36:31+00:00","breadcrumb":{"@id":"https:\/\/www.eltako.com\/sv\/dataskydds-information-foer-gfa-5-app\/#breadcrumb"},"inLanguage":"sv-SE","potentialAction":[{"@type":"ReadAction","target":["https:\/\/www.eltako.com\/sv\/dataskydds-information-foer-gfa-5-app\/"]}]},{"@type":"BreadcrumbList","@id":"https:\/\/www.eltako.com\/sv\/dataskydds-information-foer-gfa-5-app\/#breadcrumb","itemListElement":[{"@type":"ListItem","position":1,"name":"Hemsida","item":"https:\/\/www.eltako.com\/sv\/"},{"@type":"ListItem","position":2,"name":"Dataskydds information f\u00f6r GFA 5-APP"}]},{"@type":"WebSite","@id":"https:\/\/www.eltako.com\/en\/#website","url":"https:\/\/www.eltako.com\/en\/","name":"Eltako","description":"Schaltger\u00e4te, Netzteile, Stromz\u00e4hler, Dimmer, Geb\u00e4udeinstallation, Steuerungstechnik, Smart Home-L\u00f6sungen, Geb\u00e4udefunk, EnOcean-Technologie","potentialAction":[{"@type":"SearchAction","target":{"@type":"EntryPoint","urlTemplate":"https:\/\/www.eltako.com\/en\/?s={search_term_string}"},"query-input":{"@type":"PropertyValueSpecification","valueRequired":true,"valueName":"search_term_string"}}],"inLanguage":"sv-SE"}]}},"_links":{"self":[{"href":"https:\/\/www.eltako.com\/sv\/wp-json\/wp\/v2\/pages\/127142","targetHints":{"allow":["GET"]}}],"collection":[{"href":"https:\/\/www.eltako.com\/sv\/wp-json\/wp\/v2\/pages"}],"about":[{"href":"https:\/\/www.eltako.com\/sv\/wp-json\/wp\/v2\/types\/page"}],"author":[{"embeddable":true,"href":"https:\/\/www.eltako.com\/sv\/wp-json\/wp\/v2\/users\/39"}],"replies":[{"embeddable":true,"href":"https:\/\/www.eltako.com\/sv\/wp-json\/wp\/v2\/comments?post=127142"}],"version-history":[{"count":3,"href":"https:\/\/www.eltako.com\/sv\/wp-json\/wp\/v2\/pages\/127142\/revisions"}],"predecessor-version":[{"id":127145,"href":"https:\/\/www.eltako.com\/sv\/wp-json\/wp\/v2\/pages\/127142\/revisions\/127145"}],"wp:attachment":[{"href":"https:\/\/www.eltako.com\/sv\/wp-json\/wp\/v2\/media?parent=127142"}],"curies":[{"name":"wp","href":"https:\/\/api.w.org\/{rel}","templated":true}]}}