{"id":145783,"date":"2025-08-28T14:46:57","date_gmt":"2025-08-28T12:46:57","guid":{"rendered":"https:\/\/www.eltako.com\/informacje-o-ochronie-danych-dla-gfa5\/"},"modified":"2025-08-28T14:46:58","modified_gmt":"2025-08-28T12:46:58","slug":"informacje-o-ochronie-danych-dla-gfa5","status":"publish","type":"page","link":"https:\/\/www.eltako.com\/pl\/informacje-o-ochronie-danych-dla-gfa5\/","title":{"rendered":"Informacje o ochronie danych dla GFA5"},"content":{"rendered":"\n<h2 class=\"wp-block-heading\">zgodnie z art. 13 og\u00f3lnego rozporz\u0105dzenia o ochronie danych (RODO)<\/h2>\n\n<div style=\"height:30px\" aria-hidden=\"true\" class=\"wp-block-spacer\"><\/div>\n\n<p>Ochrona danych jest dla nas wa\u017cna i dlatego jest r\u00f3wnie\u017c cz\u0119\u015bci\u0105 naszego Kodeksu post\u0119powania. Poni\u017cej informujemy, jakie dane osobowe gromadzimy, tj. nad jakimi danymi mamy aktywn\u0105 kontrol\u0119, na jakiej podstawie prawnej przetwarzamy dane i jakie prawa Ci przys\u0142uguj\u0105. <\/p>\n\n<p><strong>1. kto jest odpowiedzialny za przetwarzanie danych i z kim mo\u017cna si\u0119 skontaktowa\u0107?<\/strong><br\/>Eltako GmbH<br\/>Hofener Stra\u00dfe 54<br\/>70736 Fellbach<br\/>Zarz\u0105d: Horst Ulrich Ziegler, Ulrich Ziegler<br\/>E-mail: <a href=\"mailto:info@eltako.de\">info@eltako.de<\/a><\/p>\n\n<p><strong>2. dane kontaktowe inspektora ochrony danych<\/strong><br\/>Stefan Knecht<br\/>Telefon: +49 (0) 7021 487628<br\/>Email: <a href=\"mailto:datenschutz@eltako.de\">datenschutz@eltako.de<\/a><\/p>\n\n<p><strong>3. cele przetwarzania i podstawa prawna<\/strong><br\/>Dane osobowe u\u017cytkownika b\u0119d\u0105 przetwarzane zgodnie z przepisami og\u00f3lnego rozporz\u0105dzenia o ochronie danych (RODO), ustawy o ochronie danych w telekomunikacji i telemediach (TTDSG) oraz innymi odpowiednimi przepisami o ochronie danych. Dalsze szczeg\u00f3\u0142y i uzupe\u0142nienia dotycz\u0105ce danych i cel\u00f3w ich przetwarzania mo\u017cna znale\u017a\u0107 w naszych dokumentach umownych (EULA). <\/p>\n\n<p><strong>3.1 Zgoda (art. 6 ust. 1 lit. a) RODO)<\/strong><br\/>Je\u015bli u\u017cytkownik udzieli\u0142 nam aktywnej zgody na przetwarzanie danych osobowych w okre\u015blonym celu, odpowiednia zgoda stanowi podstaw\u0119 prawn\u0105 przetwarzania okre\u015blonego w tym celu. U\u017cytkownik mo\u017ce odwo\u0142a\u0107 swoj\u0105 zgod\u0119 w dowolnym momencie ze skutkiem na przysz\u0142o\u015b\u0107.   &gt;&gt;  Nale\u017cy pami\u0119ta\u0107, \u017ce zgoda na przetwarzanie danych w Niemczech jest wa\u017cna dopiero od 16 roku \u017cycia. Je\u015bli u\u017cytkownik nie uko\u0144czy\u0142 16 lat, powinien poprosi\u0107 o zgod\u0119 swojego opiekuna prawnego. U\u017cytkownik wyra\u017ca zgod\u0119, na przyk\u0142ad aktywuj\u0105c istniej\u0105ce interfejsy lub wygodne funkcje. Dotyczy to w szczeg\u00f3lno\u015bci sterowania g\u0142osowego. Przed aktywacj\u0105\/wyra\u017ceniem zgody nale\u017cy zapozna\u0107 si\u0119 z odpowiednimi informacjami o przetwarzaniu danych przez dostawc\u00f3w us\u0142ug, kt\u00f3rzy r\u00f3wnie\u017c wykorzystuj\u0105 dane u\u017cytkownika do w\u0142asnych cel\u00f3w. W tym kontek\u015bcie wyra\u017anie odnosimy si\u0119 do sekcji 6 dotycz\u0105cej odpowiednich gwarancji.      <br\/><a href=\"https:\/\/policies.google.com\/privacy?hl=de\" target=\"_blank\" rel=\"noreferrer noopener\">https:\/\/policies.google.com\/privacy?hl=de<\/a><br\/><a href=\"https:\/\/www.amazon.de\/Datenschutzportal-f%C3%BCr-Alexa\/\" target=\"_blank\" rel=\"noreferrer noopener\">https:\/\/www.amazon.de\/Datenschutzportal-f%C3%BCr-Alexa\/<\/a><\/p>\n\n<p><strong>3.2 Wykonanie umowy (art. 6 ust. 1 lit. b)<\/strong><br\/>Przetwarzamy dane osobowe u\u017cytkownika na podstawie zawartej z nim umowy licencyjnej u\u017cytkownika ko\u0144cowego. Dane s\u0105 przetwarzane w nast\u0119puj\u0105cych celach: <\/p>\n\n<ul class=\"wp-block-list\">\n<li>Konfiguracja konta klienta z funkcj\u0105 chmury<\/li>\n\n\n\n<li>Zapewnienie funkcjonalno\u015bci<\/li>\n\n\n\n<li>Dostarczanie i ulepszanie produkt\u00f3w i us\u0142ug<\/li>\n\n\n\n<li>Wsparcie produktu<\/li>\n\n\n\n<li>Sprawdzenie zgodno\u015bci z umow\u0105 licencyjn\u0105<\/li>\n\n\n\n<li>Dokumentacja akceptacji umowy EULA<\/li>\n<\/ul>\n\n<p><strong>3.3 Wype\u0142nienie obowi\u0105zk\u00f3w prawnych (art. 6 ust. 1 lit. c RODO)<\/strong><br\/>Przetwarzamy dane osobowe u\u017cytkownika, je\u015bli jest to konieczne do wype\u0142nienia obowi\u0105zk\u00f3w prawnych. Na przyk\u0142ad na mocy procedury informacyjnej lub okresu przechowywania zgodnie z niemieckim kodeksem podatkowym.   <\/p>\n\n<p><strong>3.4 Uzasadniony interes nasz<\/strong> lub <strong>os\u00f3b trzecich (art. 6 ust. 1 lit. f RODO)<\/strong><br\/>Mo\u017cemy r\u00f3wnie\u017c wykorzystywa\u0107 dane osobowe u\u017cytkownika na podstawie wywa\u017cenia interes\u00f3w w celu ochrony uzasadnionego interesu naszego lub os\u00f3b trzecich. Odbywa si\u0119 to w nast\u0119puj\u0105cych celach: <\/p>\n\n<ul class=\"wp-block-list\">\n<li>w celu obrony lub dochodzenia roszcze\u0144 prawnych<\/li>\n\n\n\n<li>Kontrola nadu\u017cy\u0107 i zapewnienie bezpiecze\u0144stwa systemu\/sieci<\/li>\n\n\n\n<li>Niespersonalizowane statystyki w celu ulepszenia produkt\u00f3w i koncepcji marketingowych<\/li>\n\n\n\n<li>Reklamy oparte na zainteresowaniach nie s\u0105 obecnie realizowane. Je\u015bli zostanie to wdro\u017cone w p\u00f3\u017aniejszym terminie, nasi u\u017cytkownicy otrzymaj\u0105 opcj\u0119 OPT-OUT dla powi\u0105zanego automatycznego \u0142\u0105czenia\/analizy danych. <\/li>\n<\/ul>\n\n<p><strong>4. kategorie przetwarzanych przez nas danych osobowych<\/strong><br\/>Przetwarzane s\u0105 nast\u0119puj\u0105ce dane:<\/p>\n\n<ul class=\"wp-block-list\">\n<li>Nazwisko, imi\u0119 -&gt; Nie musisz podawa\u0107 tutaj swojego prawdziwego imienia i nazwiska. Pseudonim jest wystarczaj\u0105cy. <\/li>\n\n\n\n<li>Dane konta (adres e-mail, has\u0142o i dostarczona powi\u0105zana zawarto\u015b\u0107 (sparowane urz\u0105dzenia i numer seryjny))<\/li>\n\n\n\n<li>Adres IP i znacznik czasu<\/li>\n\n\n\n<li>Dane diagnostyczne<\/li>\n\n\n\n<li>Dane systemowe i dane urz\u0105dzenia ko\u0144cowego<\/li>\n\n\n\n<li>Zdarzenia urz\u0105dzenia i stany urz\u0105dzenia po zg\u0142oszeniu b\u0142\u0119du<\/li>\n\n\n\n<li>Dane generowane podczas aktywacji funkcji udogodnie\u0144 (np. lokalizacja, po\u0142\u0105czenie sterowania g\u0142osowego)<\/li>\n<\/ul>\n\n<p><strong>5 Kto otrzymuje dane u\u017cytkownika?<\/strong><\/p>\n\n<ul class=\"wp-block-list\">\n<li>Podmioty przetwarzaj\u0105ce wykorzystywane przez nas (art. 28 RODO) lub dostawcy us\u0142ug do dzia\u0142a\u0144 wspieraj\u0105cych, w szczeg\u00f3lno\u015bci w obszarach us\u0142ug IT, dostawc\u00f3w oprogramowania, zewn\u0119trznych centr\u00f3w danych, wsparcia\/utrzymania aplikacji IT, hostingu, rozwoju, analizy, funkcji wygody.<\/li>\n\n\n\n<li>Niezale\u017cne strony trzecie, je\u015bli jest to konieczne do spe\u0142nienia wymog\u00f3w prawnych (np. doradcy podatkowi).<\/li>\n<\/ul>\n\n<p>Wybrani przez nas us\u0142ugodawcy musz\u0105 spe\u0142nia\u0107 specjalne wymogi dotycz\u0105ce poufno\u015bci. Otrzymuj\u0105 oni dost\u0119p do danych osobowych w ograniczonym zakresie i przez ograniczony czas, co jest niezb\u0119dne do realizacji zada\u0144. <\/p>\n\n<p><strong>6. przekazanie danych u\u017cytkownika do kraju trzeciego lub organizacji mi\u0119dzynarodowej<\/strong><br\/>W przypadku aktywacji funkcji udogodnie\u0144, w szczeg\u00f3lno\u015bci sterowania g\u0142osowego, dane u\u017cytkownika zostan\u0105 przekazane zewn\u0119trznym dostawcom z siedzib\u0105 w niezabezpieczonym kraju trzecim. Zgodnie z nasz\u0105 wiedz\u0105 nie istniej\u0105 odpowiednie gwarancje dotycz\u0105ce praw i wolno\u015bci u\u017cytkownika w przypadku takich transfer\u00f3w danych. Nale\u017cy o tym pami\u0119ta\u0107 przed skorzystaniem z tych interfejs\u00f3w.  <\/p>\n\n<p>Nie przetwarzamy danych poza UE lub EOG. Je\u015bli w przysz\u0142o\u015bci zdecydujemy si\u0119 to zrobi\u0107, b\u0119dziemy przywi\u0105zywa\u0107 szczeg\u00f3ln\u0105 wag\u0119 do odpowiednich gwarancji. <\/p>\n\n<p><strong>7 Jak d\u0142ugo przechowujemy dane u\u017cytkownika?<\/strong><br\/>Okres przechowywania zale\u017cy od celu przetwarzania i trwa tak d\u0142ugo, jak jest to konieczne do osi\u0105gni\u0119cia zamierzonego celu. Dane s\u0105 nast\u0119pnie usuwane lub nieodwracalnie anonimizowane, np. poprzez agregacj\u0119 lub usuni\u0119cie wszelkich danych, kt\u00f3re umo\u017cliwi\u0142yby ponown\u0105 identyfikacj\u0119. <br\/><br\/>Je\u015bli istnieje prawny okres przedawnienia, b\u0119dziemy przechowywa\u0107 okre\u015blone dane osobowe do ko\u0144ca tego okresu.<br\/><br\/>W zakresie, w jakim zobowi\u0105zania prawne wymagaj\u0105 od nas dalszego przechowywania danych, przetwarzanie zostanie ograniczone, a dost\u0119p do danych zostanie zablokowany.<br\/>U\u017cytkownik mo\u017ce samodzielnie usun\u0105\u0107 swoje konto klienta za po\u015brednictwem aplikacji.<\/p>\n\n<p><strong>8. w jakim zakresie istnieje zautomatyzowane podejmowanie decyzji w indywidualnych przypadkach (w tym profilowanie)?<\/strong><br\/>Nie stosujemy \u017cadnych czysto zautomatyzowanych proces\u00f3w podejmowania decyzji zgodnie z art. 22 RODO. Je\u015bli b\u0119dziemy stosowa\u0107 takie procedury w indywidualnych przypadkach, poinformujemy o tym osobno, je\u015bli b\u0119dzie to wymagane przez prawo. <\/p>\n\n<p><strong>9. Prawa u\u017cytkownika w zakresie ochrony danych <\/strong><br\/>U\u017cytkownik ma prawo dost\u0119pu do <strong>danych <\/strong> zgodnie z art. 15 RODO, prawo do sprostowania zgodnie z art. 16 RODO, prawo do usuni\u0119cia zgodnie z art. 17 RODO, prawo do ograniczenia przetwarzania zgodnie z art. 18 RODO oraz prawo do przenoszenia danych zgodnie z art. 20 RODO. Zasadniczo istnieje prawo do wniesienia sprzeciwu wobec przetwarzania przez nas danych osobowych zgodnie z art. 21 RODO, pod warunkiem, \u017ce przetwarzanie odbywa si\u0119 na podstawie uzasadnionego interesu (art. 6 ust. 1 lit. f RODO). To prawo do sprzeciwu ma jednak zastosowanie tylko wtedy, gdy istniej\u0105 bardzo szczeg\u00f3lne okoliczno\u015bci zwi\u0105zane z sytuacj\u0105 osobist\u0105 u\u017cytkownika, w kt\u00f3rych prawa naszej firmy mog\u0105 by\u0107 sprzeczne z jego prawem do sprzeciwu.<br\/>Ograniczenia wynikaj\u0105ce z sekcji 34 i 35 BDSG maj\u0105 zastosowanie do prawa do informacji i prawa do usuni\u0119cia.<br\/>Je\u015bli chcesz dochodzi\u0107 jednego z tych praw, skontaktuj si\u0119 z naszym inspektorem ochrony danych pod adresem <a href=\"mailto:datenschutz@eltako.de\">datenschutz@eltako.de<\/a>.  <br\/><br\/>U\u017cytkownik ma prawo do z\u0142o\u017cenia skargi do organu nadzorczego ds. ochrony danych (art. 77 RODO). W\u0142a\u015bciwym dla nas organem nadzorczym jest:<br\/>The State Commissioner for Data Protection and Freedom of Information<br\/>Lautenschlagerstra\u00dfe 20<br\/>70173 Stuttgart <\/p>\n\n<p><strong>10. Zakres obowi\u0105zku przekazania nam danych przez u\u017cytkownika<\/strong><br\/>U\u017cytkownik musi przekaza\u0107 tylko te dane, kt\u00f3re s\u0105 niezb\u0119dne do wykonania umowy, w szczeg\u00f3lno\u015bci w celu zapewnienia funkcjonalno\u015bci, ulepsze\u0144 i us\u0142ug wsparcia. Niepodanie danych opcjonalnych mo\u017ce oznacza\u0107, \u017ce us\u0142uga nie b\u0119dzie mog\u0142a by\u0107 \u015bwiadczona w zwyk\u0142y spos\u00f3b, np. podczas aktywacji funkcji udogodnie\u0144. <\/p>\n\n<div style=\"height:30px\" aria-hidden=\"true\" class=\"wp-block-spacer\"><\/div>\n\n<p>Status: 27.01.2023<\/p>\n","protected":false},"excerpt":{"rendered":"<p>zgodnie z art. 13 og\u00f3lnego rozporz\u0105dzenia o ochronie danych (RODO) Ochrona danych jest dla nas wa\u017cna i dlatego jest r\u00f3wnie\u017c cz\u0119\u015bci\u0105 naszego Kodeksu post\u0119powania. Poni\u017cej informujemy, jakie dane osobowe gromadzimy, tj. nad jakimi danymi mamy aktywn\u0105 kontrol\u0119, na jakiej podstawie prawnej przetwarzamy dane i jakie prawa Ci przys\u0142uguj\u0105. 1. kto jest odpowiedzialny za przetwarzanie danych [&hellip;]<\/p>\n","protected":false},"author":39,"featured_media":0,"parent":0,"menu_order":0,"comment_status":"closed","ping_status":"closed","template":"","meta":{"_acf_changed":false,"footnotes":"","_links_to":"","_links_to_target":""},"class_list":["post-145783","page","type-page","status-publish","hentry"],"acf":[],"yoast_head":"<!-- This site is optimized with the Yoast SEO plugin v27.2 - https:\/\/yoast.com\/product\/yoast-seo-wordpress\/ -->\n<title>Informacje o ochronie danych dla GFA5 &#187; Eltako<\/title>\n<meta name=\"robots\" content=\"index, follow, max-snippet:-1, max-image-preview:large, max-video-preview:-1\" \/>\n<link rel=\"canonical\" href=\"https:\/\/www.eltako.com\/pl\/informacje-o-ochronie-danych-dla-gfa5\/\" \/>\n<meta property=\"og:locale\" content=\"pl_PL\" \/>\n<meta property=\"og:type\" content=\"article\" \/>\n<meta property=\"og:title\" content=\"Informacje o ochronie danych dla GFA5 &#187; Eltako\" \/>\n<meta property=\"og:description\" content=\"zgodnie z art. 13 og\u00f3lnego rozporz\u0105dzenia o ochronie danych (RODO) Ochrona danych jest dla nas wa\u017cna i dlatego jest r\u00f3wnie\u017c cz\u0119\u015bci\u0105 naszego Kodeksu post\u0119powania. Poni\u017cej informujemy, jakie dane osobowe gromadzimy, tj. nad jakimi danymi mamy aktywn\u0105 kontrol\u0119, na jakiej podstawie prawnej przetwarzamy dane i jakie prawa Ci przys\u0142uguj\u0105. 1. kto jest odpowiedzialny za przetwarzanie danych [&hellip;]\" \/>\n<meta property=\"og:url\" content=\"https:\/\/www.eltako.com\/pl\/informacje-o-ochronie-danych-dla-gfa5\/\" \/>\n<meta property=\"og:site_name\" content=\"Eltako\" \/>\n<meta property=\"article:modified_time\" content=\"2025-08-28T12:46:58+00:00\" \/>\n<meta name=\"twitter:card\" content=\"summary_large_image\" \/>\n<meta name=\"twitter:label1\" content=\"Szacowany czas czytania\" \/>\n\t<meta name=\"twitter:data1\" content=\"6 minut\" \/>\n<script type=\"application\/ld+json\" class=\"yoast-schema-graph\">{\"@context\":\"https:\/\/schema.org\",\"@graph\":[{\"@type\":\"WebPage\",\"@id\":\"https:\/\/www.eltako.com\/pl\/informacje-o-ochronie-danych-dla-gfa5\/\",\"url\":\"https:\/\/www.eltako.com\/pl\/informacje-o-ochronie-danych-dla-gfa5\/\",\"name\":\"Informacje o ochronie danych dla GFA5 &#187; Eltako\",\"isPartOf\":{\"@id\":\"https:\/\/www.eltako.com\/en\/#website\"},\"datePublished\":\"2025-08-28T12:46:57+00:00\",\"dateModified\":\"2025-08-28T12:46:58+00:00\",\"breadcrumb\":{\"@id\":\"https:\/\/www.eltako.com\/pl\/informacje-o-ochronie-danych-dla-gfa5\/#breadcrumb\"},\"inLanguage\":\"pl-PL\",\"potentialAction\":[{\"@type\":\"ReadAction\",\"target\":[\"https:\/\/www.eltako.com\/pl\/informacje-o-ochronie-danych-dla-gfa5\/\"]}]},{\"@type\":\"BreadcrumbList\",\"@id\":\"https:\/\/www.eltako.com\/pl\/informacje-o-ochronie-danych-dla-gfa5\/#breadcrumb\",\"itemListElement\":[{\"@type\":\"ListItem\",\"position\":1,\"name\":\"Home\",\"item\":\"https:\/\/www.eltako.com\/pl\/\"},{\"@type\":\"ListItem\",\"position\":2,\"name\":\"Informacje o ochronie danych dla GFA5\"}]},{\"@type\":\"WebSite\",\"@id\":\"https:\/\/www.eltako.com\/en\/#website\",\"url\":\"https:\/\/www.eltako.com\/en\/\",\"name\":\"Eltako\",\"description\":\"Schaltger\u00e4te, Netzteile, Stromz\u00e4hler, Dimmer, Geb\u00e4udeinstallation, Steuerungstechnik, Smart Home-L\u00f6sungen, Geb\u00e4udefunk, EnOcean-Technologie\",\"potentialAction\":[{\"@type\":\"SearchAction\",\"target\":{\"@type\":\"EntryPoint\",\"urlTemplate\":\"https:\/\/www.eltako.com\/en\/?s={search_term_string}\"},\"query-input\":{\"@type\":\"PropertyValueSpecification\",\"valueRequired\":true,\"valueName\":\"search_term_string\"}}],\"inLanguage\":\"pl-PL\"}]}<\/script>\n<!-- \/ Yoast SEO plugin. -->","yoast_head_json":{"title":"Informacje o ochronie danych dla GFA5 &#187; Eltako","robots":{"index":"index","follow":"follow","max-snippet":"max-snippet:-1","max-image-preview":"max-image-preview:large","max-video-preview":"max-video-preview:-1"},"canonical":"https:\/\/www.eltako.com\/pl\/informacje-o-ochronie-danych-dla-gfa5\/","og_locale":"pl_PL","og_type":"article","og_title":"Informacje o ochronie danych dla GFA5 &#187; Eltako","og_description":"zgodnie z art. 13 og\u00f3lnego rozporz\u0105dzenia o ochronie danych (RODO) Ochrona danych jest dla nas wa\u017cna i dlatego jest r\u00f3wnie\u017c cz\u0119\u015bci\u0105 naszego Kodeksu post\u0119powania. Poni\u017cej informujemy, jakie dane osobowe gromadzimy, tj. nad jakimi danymi mamy aktywn\u0105 kontrol\u0119, na jakiej podstawie prawnej przetwarzamy dane i jakie prawa Ci przys\u0142uguj\u0105. 1. kto jest odpowiedzialny za przetwarzanie danych [&hellip;]","og_url":"https:\/\/www.eltako.com\/pl\/informacje-o-ochronie-danych-dla-gfa5\/","og_site_name":"Eltako","article_modified_time":"2025-08-28T12:46:58+00:00","twitter_card":"summary_large_image","twitter_misc":{"Szacowany czas czytania":"6 minut"},"schema":{"@context":"https:\/\/schema.org","@graph":[{"@type":"WebPage","@id":"https:\/\/www.eltako.com\/pl\/informacje-o-ochronie-danych-dla-gfa5\/","url":"https:\/\/www.eltako.com\/pl\/informacje-o-ochronie-danych-dla-gfa5\/","name":"Informacje o ochronie danych dla GFA5 &#187; Eltako","isPartOf":{"@id":"https:\/\/www.eltako.com\/en\/#website"},"datePublished":"2025-08-28T12:46:57+00:00","dateModified":"2025-08-28T12:46:58+00:00","breadcrumb":{"@id":"https:\/\/www.eltako.com\/pl\/informacje-o-ochronie-danych-dla-gfa5\/#breadcrumb"},"inLanguage":"pl-PL","potentialAction":[{"@type":"ReadAction","target":["https:\/\/www.eltako.com\/pl\/informacje-o-ochronie-danych-dla-gfa5\/"]}]},{"@type":"BreadcrumbList","@id":"https:\/\/www.eltako.com\/pl\/informacje-o-ochronie-danych-dla-gfa5\/#breadcrumb","itemListElement":[{"@type":"ListItem","position":1,"name":"Home","item":"https:\/\/www.eltako.com\/pl\/"},{"@type":"ListItem","position":2,"name":"Informacje o ochronie danych dla GFA5"}]},{"@type":"WebSite","@id":"https:\/\/www.eltako.com\/en\/#website","url":"https:\/\/www.eltako.com\/en\/","name":"Eltako","description":"Schaltger\u00e4te, Netzteile, Stromz\u00e4hler, Dimmer, Geb\u00e4udeinstallation, Steuerungstechnik, Smart Home-L\u00f6sungen, Geb\u00e4udefunk, EnOcean-Technologie","potentialAction":[{"@type":"SearchAction","target":{"@type":"EntryPoint","urlTemplate":"https:\/\/www.eltako.com\/en\/?s={search_term_string}"},"query-input":{"@type":"PropertyValueSpecification","valueRequired":true,"valueName":"search_term_string"}}],"inLanguage":"pl-PL"}]}},"_links":{"self":[{"href":"https:\/\/www.eltako.com\/pl\/wp-json\/wp\/v2\/pages\/145783","targetHints":{"allow":["GET"]}}],"collection":[{"href":"https:\/\/www.eltako.com\/pl\/wp-json\/wp\/v2\/pages"}],"about":[{"href":"https:\/\/www.eltako.com\/pl\/wp-json\/wp\/v2\/types\/page"}],"author":[{"embeddable":true,"href":"https:\/\/www.eltako.com\/pl\/wp-json\/wp\/v2\/users\/39"}],"replies":[{"embeddable":true,"href":"https:\/\/www.eltako.com\/pl\/wp-json\/wp\/v2\/comments?post=145783"}],"version-history":[{"count":1,"href":"https:\/\/www.eltako.com\/pl\/wp-json\/wp\/v2\/pages\/145783\/revisions"}],"predecessor-version":[{"id":145784,"href":"https:\/\/www.eltako.com\/pl\/wp-json\/wp\/v2\/pages\/145783\/revisions\/145784"}],"wp:attachment":[{"href":"https:\/\/www.eltako.com\/pl\/wp-json\/wp\/v2\/media?parent=145783"}],"curies":[{"name":"wp","href":"https:\/\/api.w.org\/{rel}","templated":true}]}}