{"id":128154,"date":"2023-03-03T06:42:24","date_gmt":"2023-03-03T05:42:24","guid":{"rendered":"https:\/\/www.eltako.com\/information-sur-la-protection-des-donnees-pour-gfa5\/"},"modified":"2023-03-03T06:42:30","modified_gmt":"2023-03-03T05:42:30","slug":"information-sur-la-protection-des-donnees-pour-gfa5","status":"publish","type":"page","link":"https:\/\/www.eltako.com\/fr\/information-sur-la-protection-des-donnees-pour-gfa5\/","title":{"rendered":"Information sur la protection des donn\u00e9es pour GFA5"},"content":{"rendered":"\n<h2 class=\"wp-block-heading\">conform\u00e9ment \u00e0 l&rsquo;article 13 du r\u00e8glement g\u00e9n\u00e9ral sur la protection des donn\u00e9es DS-GVO<\/h2>\n\n<div style=\"height:30px\" aria-hidden=\"true\" class=\"wp-block-spacer\"><\/div>\n\n<p>La protection des donn\u00e9es est une pr\u00e9occupation importante pour nous et fait donc \u00e9galement partie de notre code de conduite. Nous vous informons ci-apr\u00e8s des donn\u00e9es \u00e0 caract\u00e8re personnel que nous collectons, c&rsquo;est-\u00e0-dire des donn\u00e9es sur lesquelles nous avons un pouvoir de disposition actif, de la base juridique sur laquelle nous traitons les donn\u00e9es et des droits dont vous disposez.<\/p>\n\n<p><strong>1. qui est responsable du traitement des donn\u00e9es et \u00e0 qui pouvez-vous vous adresser ?<\/strong><br\/>Eltako GmbH<br\/>Hofener Stra\u00dfe 54<br\/>70736 Fellbach<br\/>Direction : Horst Ulrich Ziegler, Ulrich Ziegler<br\/>E-Mail: <a href=\"mailto:info@eltako.de\">info@eltako.de<\/a><\/p>\n\n<p><strong>2. Coordonn\u00e9es du d\u00e9l\u00e9gu\u00e9 \u00e0 la protection des donn\u00e9es<\/strong><br\/>Stefan Knecht<br\/>T\u00e9l. : +49 (0) 7021 487628<br\/>E-Mail: <a href=\"mailto:datenschutz@eltako.de\">datenschutz@eltako.de<\/a><\/p>\n\n<p><strong>3) les finalit\u00e9s du traitement et la base juridique<\/strong><br\/>Vos donn\u00e9es personnelles sont trait\u00e9es conform\u00e9ment aux dispositions du r\u00e8glement g\u00e9n\u00e9ral sur la protection des donn\u00e9es (DSGVO), de la loi sur la protection des donn\u00e9es dans le domaine des t\u00e9l\u00e9communications et des t\u00e9l\u00e9m\u00e9dias (TTDSG) et d&rsquo;autres dispositions pertinentes en mati\u00e8re de protection des donn\u00e9es. Vous trouverez dans nos documents contractuels (EULA) d&rsquo;autres d\u00e9tails et compl\u00e9ments concernant les donn\u00e9es et leurs finalit\u00e9s de traitement.<\/p>\n\n<p><strong>3.1 Consentement (art. 6 al. 1 lettre a DSGVO)<\/strong><br\/>Si vous nous avez donn\u00e9 votre consentement actif pour un traitement de donn\u00e9es \u00e0 caract\u00e8re personnel dans un but pr\u00e9cis, le consentement en question constitue la base juridique du traitement qui y est mentionn\u00e9. Vous pouvez r\u00e9voquer votre consentement \u00e0 tout moment avec effet pour l&rsquo;avenir. &gt;&gt;  Veuillez noter qu&rsquo;en Allemagne, le consentement au traitement des donn\u00e9es n&rsquo;est valable qu&rsquo;\u00e0 partir de 16 ans. Si vous avez moins de 16 ans, veuillez demander l&rsquo;autorisation \u00e0 votre tuteur l\u00e9gal. Vous donnez votre accord par exemple en activant les interfaces existantes ou les fonctions de confort. C&rsquo;est notamment le cas de la commande vocale. Avant d&rsquo;activer\/de donner votre consentement, veuillez consulter les instructions de traitement des donn\u00e9es en vigueur des fournisseurs de services qui utilisent \u00e9galement vos donn\u00e9es \u00e0 leurs propres fins. Dans ce contexte, nous renvoyons express\u00e9ment \u00e0 l&rsquo;al. N\u00b0 6 concernant les garanties appropri\u00e9es.<br\/><a href=\"https:\/\/policies.google.com\/privacy?hl=de\" target=\"_blank\" rel=\"noreferrer noopener\">https:\/\/policies.google.com\/privacy?hl=de<\/a><br\/><a href=\"https:\/\/www.amazon.de\/Datenschutzportal-f%C3%BCr-Alexa\/\" target=\"_blank\" rel=\"noreferrer noopener\">https:\/\/www.amazon.de\/Datenschutzportal-f%C3%BCr-Alexa\/<\/a><\/p>\n\n<p><strong>3.2 Ex\u00e9cution d&rsquo;un contrat (art. 6, paragraphe 1, point b))<\/strong><br\/>Nous traitons vos donn\u00e9es \u00e0 caract\u00e8re personnel sur la base du contrat de licence d&rsquo;utilisateur final que nous avons conclu avec vous. Les donn\u00e9es sont trait\u00e9es aux fins suivantes :<\/p>\n\n<ul class=\"wp-block-list\">\n<li>Cr\u00e9ation d&rsquo;un compte client avec fonction cloud<\/li>\n\n\n\n<li>Garantir la fonctionnalit\u00e9<\/li>\n\n\n\n<li>Fournir et am\u00e9liorer les produits et les services\/services<\/li>\n\n\n\n<li>Assistance produits<\/li>\n\n\n\n<li>V\u00e9rifier le respect du contrat de licence<\/li>\n\n\n\n<li>Documentation de l&rsquo;acceptation du CLUF<\/li>\n<\/ul>\n\n<p><strong>3.3 Ex\u00e9cution d&rsquo;obligations l\u00e9gales (article 6, paragraphe 1, point c) du RGPD)<\/strong><br\/>Nous traitons vos donn\u00e9es \u00e0 caract\u00e8re personnel lorsque cela est n\u00e9cessaire pour remplir des obligations l\u00e9gales. Par exemple sur ordre d&rsquo;une proc\u00e9dure d&rsquo;information ou d&rsquo;un d\u00e9lai de conservation conform\u00e9ment \u00e0 l&rsquo;art. Code fiscal.<\/p>\n\n<p><strong>3.4 Int\u00e9r\u00eat l\u00e9gitime de notre part ou de tiers (article 6, paragraphe 1, point f) du RGPD)<\/strong><br\/>Nous pouvons \u00e9galement utiliser vos donn\u00e9es personnelles sur la base d&rsquo;un \u00e9quilibre des int\u00e9r\u00eats pour prot\u00e9ger nos int\u00e9r\u00eats l\u00e9gitimes ou ceux de tiers. Ceci est fait aux fins suivantes :<\/p>\n\n<ul class=\"wp-block-list\">\n<li>pour la d\u00e9fense ou l&rsquo;exercice de droits l\u00e9gaux<\/li>\n\n\n\n<li>Contr\u00f4le des abus et garantie de la s\u00e9curit\u00e9 du syst\u00e8me \/ du r\u00e9seau<\/li>\n\n\n\n<li>Statistiques non personnalis\u00e9es pour am\u00e9liorer les produits et les concepts de marketing<\/li>\n\n\n\n<li>La publicit\u00e9 cibl\u00e9e par int\u00e9r\u00eat n&rsquo;est pas effectu\u00e9e pour le moment. Si cela devait \u00eatre impl\u00e9ment\u00e9 ult\u00e9rieurement, nos utilisateurs recevraient une possibilit\u00e9 d&rsquo;OPT-OUT pour le regroupement\/l&rsquo;analyse automatis\u00e9(e) des donn\u00e9es qui y est li\u00e9(e).<\/li>\n<\/ul>\n\n<p><strong>4. les cat\u00e9gories de donn\u00e9es \u00e0 caract\u00e8re personnel que nous traitons<\/strong><br\/>Les donn\u00e9es suivantes sont trait\u00e9es :<\/p>\n\n<ul class=\"wp-block-list\">\n<li>Nom, pr\u00e9nom -&gt; Vous n&rsquo;\u00eates pas oblig\u00e9 de saisir votre vrai nom ici. Un pseudonyme suffit.<\/li>\n\n\n\n<li>Donn\u00e9es du compte (adresse \u00e9lectronique, mot de passe et contenu fourni associ\u00e9 (appareils form\u00e9s et num\u00e9ro de s\u00e9rie))<\/li>\n\n\n\n<li>Adresse IP et horodatage<\/li>\n\n\n\n<li>Donn\u00e9es de diagnostic<\/li>\n\n\n\n<li>Donn\u00e9es du syst\u00e8me et de l&rsquo;appareil de votre terminal<\/li>\n\n\n\n<li>\u00c9v\u00e9nements et \u00e9tats des appareils lorsque vous signalez une erreur<\/li>\n\n\n\n<li>Donn\u00e9es g\u00e9n\u00e9r\u00e9es lors de l&rsquo;activation de fonctions de confort (par ex. localisation, connexion de la commande vocale)<\/li>\n<\/ul>\n\n<p><strong>5. qui re\u00e7oit vos donn\u00e9es ?<\/strong><\/p>\n\n<ul class=\"wp-block-list\">\n<li>des sous-traitants (art. 28 RGPD) ou des prestataires de services auxquels nous faisons appel pour des activit\u00e9s de soutien, notamment dans les domaines des services informatiques, des fournisseurs de logiciels, des centres informatiques externes, du soutien\/maintenance d&rsquo;applications informatiques, de l&rsquo;h\u00e9bergement, du d\u00e9veloppement, de l&rsquo;analyse, des fonctions de confort.<\/li>\n\n\n\n<li>Tiers ind\u00e9pendants si cela est n\u00e9cessaire pour r\u00e9pondre aux exigences l\u00e9gales (par exemple, conseiller fiscal).<\/li>\n<\/ul>\n\n<p>Les prestataires de services que nous s\u00e9lectionnons doivent r\u00e9pondre \u00e0 des exigences particuli\u00e8res en mati\u00e8re de confidentialit\u00e9. Ils ont acc\u00e8s aux donn\u00e9es \u00e0 caract\u00e8re personnel dans une mesure et une dur\u00e9e limit\u00e9es, n\u00e9cessaires \u00e0 l&rsquo;ex\u00e9cution de la ou des t\u00e2ches.<\/p>\n\n<p><strong>6. transfert de vos donn\u00e9es \u00e0 un pays tiers ou \u00e0 une organisation internationale<\/strong><br\/>Lorsque vous activez des fonctions de confort, notamment la commande vocale, des fournisseurs tiers bas\u00e9s dans un pays tiers non s\u00fbr re\u00e7oivent vos donn\u00e9es. \u00c0 notre connaissance, ces transferts de donn\u00e9es ne sont pas assortis de garanties appropri\u00e9es pour vos droits et libert\u00e9s. Soyez conscient de cela avant d&rsquo;utiliser ces interfaces.<\/p>\n\n<p>Aucun traitement de donn\u00e9es n&rsquo;est effectu\u00e9 par nos soins en dehors de l&rsquo;UE ou de l&rsquo;EEE. Si nous d\u00e9cidons de le faire ult\u00e9rieurement, nous accorderons une importance particuli\u00e8re aux garanties appropri\u00e9es.<\/p>\n\n<p><strong>7. combien de temps conservons-nous vos donn\u00e9es ?<\/strong><br\/>La dur\u00e9e de conservation d\u00e9pend de la finalit\u00e9 du traitement et s&rsquo;effectue tant que cela est n\u00e9cessaire pour atteindre l&rsquo;objectif poursuivi. Les donn\u00e9es sont ensuite supprim\u00e9es ou anonymis\u00e9es de mani\u00e8re irr\u00e9versible, par exemple en agr\u00e9geant ou en supprimant toutes les donn\u00e9es qui permettraient une r\u00e9-identification.<br\/><br\/>Lorsqu&rsquo;il existe une p\u00e9riode de prescription l\u00e9gale, nous conservons certaines donn\u00e9es \u00e0 caract\u00e8re personnel jusqu&rsquo;\u00e0 la fin de cette p\u00e9riode.<br\/><br\/>Dans la mesure o\u00f9 des obligations l\u00e9gales nous incitent \u00e0 poursuivre le stockage, le traitement est limit\u00e9 et les donn\u00e9es sont bloqu\u00e9es pour les acc\u00e8s.<br\/>Vous pouvez supprimer vous-m\u00eame votre compte client via l&rsquo;APP.<\/p>\n\n<p><strong>8. dans quelle mesure existe-t-il une prise de d\u00e9cision automatis\u00e9e dans des cas individuels (y compris le profilage) ?<\/strong><br\/>Nous n&rsquo;utilisons pas de proc\u00e9dures de d\u00e9cision purement automatis\u00e9es conform\u00e9ment \u00e0 l&rsquo;article 22 du DSGVO. Si nous devions utiliser ces proc\u00e9dures dans des cas particuliers, nous vous en informerions s\u00e9par\u00e9ment, dans la mesure o\u00f9 la loi l&rsquo;exige.<\/p>\n\n<p><strong>9. vos droits en mati\u00e8re de protection des donn\u00e9es <\/strong><br\/>Vous avez le droit \u00e0 l&rsquo;information selon l&rsquo;article 15 du DSGVO, le droit \u00e0 la rectification selon l&rsquo;article 16 du DSGVO, le droit \u00e0 l&rsquo;effacement selon l&rsquo;article 17 du DSGVO, le droit \u00e0 la limitation du traitement selon l&rsquo;article 18 du DSGVO ainsi que le droit \u00e0 la portabilit\u00e9 des donn\u00e9es selon l&rsquo;article 20 du DSGVO. En principe, conform\u00e9ment \u00e0 l&rsquo;article 21 du DSGVO, il existe un droit d&rsquo;opposition au traitement des donn\u00e9es \u00e0 caract\u00e8re personnel par nos soins, dans la mesure o\u00f9 ce traitement est fond\u00e9 sur un int\u00e9r\u00eat l\u00e9gitime (article 6, paragraphe 1, point f) du DSGVO). Ce droit d&rsquo;opposition ne s&rsquo;applique toutefois qu&rsquo;en pr\u00e9sence de circonstances tr\u00e8s particuli\u00e8res de votre situation personnelle, les droits de notre entreprise pouvant \u00e9ventuellement s&rsquo;opposer \u00e0 votre droit d&rsquo;opposition.<br\/>En ce qui concerne le droit d&rsquo;acc\u00e8s et le droit d&rsquo;effacement, les restrictions pr\u00e9vues aux articles 34 et 35 de la BDSG s&rsquo;appliquent.<br\/>Si vous souhaitez faire valoir l&rsquo;un de ces droits, veuillez contacter notre responsable de la protection des donn\u00e9es \u00e0 <a href=\"mailto:datenschutz@eltako.de\">l&rsquo;adresse datenschutz@eltako.de.<\/a><br\/><br\/>Vous disposez d&rsquo;un droit de recours aupr\u00e8s de l&rsquo;autorit\u00e9 de surveillance de la protection des donn\u00e9es (article 77 du DSGVO). L&rsquo;autorit\u00e9 de surveillance comp\u00e9tente pour nous est :<br\/>Le commissaire du Land \u00e0 la protection des donn\u00e9es et \u00e0 la libert\u00e9 d&rsquo;information<br\/>20, rue Lautenschlager<br\/>70173 Stuttgart<\/p>\n\n<p><strong>10. l&rsquo;\u00e9tendue de vos obligations de nous fournir vos donn\u00e9es<\/strong><br\/>Vous ne devez fournir que les donn\u00e9es n\u00e9cessaires \u00e0 l&rsquo;ex\u00e9cution du contrat, en particulier les fonctionnalit\u00e9s, les am\u00e9liorations et les services d&rsquo;assistance. Pour les donn\u00e9es optionnelles, la non-fourniture peut signifier que le service ne peut pas \u00eatre fourni comme d&rsquo;habitude, comme par exemple l&rsquo;activation de fonctions de confort.<\/p>\n\n<div style=\"height:30px\" aria-hidden=\"true\" class=\"wp-block-spacer\"><\/div>\n\n<p>Version : 27.01.2023<\/p>\n","protected":false},"excerpt":{"rendered":"<p>conform\u00e9ment \u00e0 l&rsquo;article 13 du r\u00e8glement g\u00e9n\u00e9ral sur la protection des donn\u00e9es DS-GVO La protection des donn\u00e9es est une pr\u00e9occupation importante pour nous et fait donc \u00e9galement partie de notre code de conduite. Nous vous informons ci-apr\u00e8s des donn\u00e9es \u00e0 caract\u00e8re personnel que nous collectons, c&rsquo;est-\u00e0-dire des donn\u00e9es sur lesquelles nous avons un pouvoir de [&hellip;]<\/p>\n","protected":false},"author":39,"featured_media":0,"parent":0,"menu_order":0,"comment_status":"closed","ping_status":"closed","template":"","meta":{"_acf_changed":false,"footnotes":"","_links_to":"","_links_to_target":""},"class_list":["post-128154","page","type-page","status-publish","hentry"],"acf":[],"yoast_head":"<!-- This site is optimized with the Yoast SEO plugin v27.2 - https:\/\/yoast.com\/product\/yoast-seo-wordpress\/ -->\n<title>Information sur la protection des donn\u00e9es pour GFA5 &#187; Eltako<\/title>\n<meta name=\"robots\" content=\"index, follow, max-snippet:-1, max-image-preview:large, max-video-preview:-1\" \/>\n<link rel=\"canonical\" href=\"https:\/\/www.eltako.com\/fr\/information-sur-la-protection-des-donnees-pour-gfa5\/\" \/>\n<meta property=\"og:locale\" content=\"fr_FR\" \/>\n<meta property=\"og:type\" content=\"article\" \/>\n<meta property=\"og:title\" content=\"Information sur la protection des donn\u00e9es pour GFA5 &#187; Eltako\" \/>\n<meta property=\"og:description\" content=\"conform\u00e9ment \u00e0 l&rsquo;article 13 du r\u00e8glement g\u00e9n\u00e9ral sur la protection des donn\u00e9es DS-GVO La protection des donn\u00e9es est une pr\u00e9occupation importante pour nous et fait donc \u00e9galement partie de notre code de conduite. Nous vous informons ci-apr\u00e8s des donn\u00e9es \u00e0 caract\u00e8re personnel que nous collectons, c&rsquo;est-\u00e0-dire des donn\u00e9es sur lesquelles nous avons un pouvoir de [&hellip;]\" \/>\n<meta property=\"og:url\" content=\"https:\/\/www.eltako.com\/fr\/information-sur-la-protection-des-donnees-pour-gfa5\/\" \/>\n<meta property=\"og:site_name\" content=\"Eltako\" \/>\n<meta property=\"article:modified_time\" content=\"2023-03-03T05:42:30+00:00\" \/>\n<meta name=\"twitter:card\" content=\"summary_large_image\" \/>\n<meta name=\"twitter:label1\" content=\"Dur\u00e9e de lecture estim\u00e9e\" \/>\n\t<meta name=\"twitter:data1\" content=\"7 minutes\" \/>\n<script type=\"application\/ld+json\" class=\"yoast-schema-graph\">{\"@context\":\"https:\/\/schema.org\",\"@graph\":[{\"@type\":\"WebPage\",\"@id\":\"https:\/\/www.eltako.com\/fr\/information-sur-la-protection-des-donnees-pour-gfa5\/\",\"url\":\"https:\/\/www.eltako.com\/fr\/information-sur-la-protection-des-donnees-pour-gfa5\/\",\"name\":\"Information sur la protection des donn\u00e9es pour GFA5 &#187; Eltako\",\"isPartOf\":{\"@id\":\"https:\/\/www.eltako.com\/en\/#website\"},\"datePublished\":\"2023-03-03T05:42:24+00:00\",\"dateModified\":\"2023-03-03T05:42:30+00:00\",\"breadcrumb\":{\"@id\":\"https:\/\/www.eltako.com\/fr\/information-sur-la-protection-des-donnees-pour-gfa5\/#breadcrumb\"},\"inLanguage\":\"fr-FR\",\"potentialAction\":[{\"@type\":\"ReadAction\",\"target\":[\"https:\/\/www.eltako.com\/fr\/information-sur-la-protection-des-donnees-pour-gfa5\/\"]}]},{\"@type\":\"BreadcrumbList\",\"@id\":\"https:\/\/www.eltako.com\/fr\/information-sur-la-protection-des-donnees-pour-gfa5\/#breadcrumb\",\"itemListElement\":[{\"@type\":\"ListItem\",\"position\":1,\"name\":\"Page d\u2019accueil\",\"item\":\"https:\/\/www.eltako.com\/fr\/\"},{\"@type\":\"ListItem\",\"position\":2,\"name\":\"Information sur la protection des donn\u00e9es pour GFA5\"}]},{\"@type\":\"WebSite\",\"@id\":\"https:\/\/www.eltako.com\/en\/#website\",\"url\":\"https:\/\/www.eltako.com\/en\/\",\"name\":\"Eltako\",\"description\":\"Schaltger\u00e4te, Netzteile, Stromz\u00e4hler, Dimmer, Geb\u00e4udeinstallation, Steuerungstechnik, Smart Home-L\u00f6sungen, Geb\u00e4udefunk, EnOcean-Technologie\",\"potentialAction\":[{\"@type\":\"SearchAction\",\"target\":{\"@type\":\"EntryPoint\",\"urlTemplate\":\"https:\/\/www.eltako.com\/en\/?s={search_term_string}\"},\"query-input\":{\"@type\":\"PropertyValueSpecification\",\"valueRequired\":true,\"valueName\":\"search_term_string\"}}],\"inLanguage\":\"fr-FR\"}]}<\/script>\n<!-- \/ Yoast SEO plugin. -->","yoast_head_json":{"title":"Information sur la protection des donn\u00e9es pour GFA5 &#187; Eltako","robots":{"index":"index","follow":"follow","max-snippet":"max-snippet:-1","max-image-preview":"max-image-preview:large","max-video-preview":"max-video-preview:-1"},"canonical":"https:\/\/www.eltako.com\/fr\/information-sur-la-protection-des-donnees-pour-gfa5\/","og_locale":"fr_FR","og_type":"article","og_title":"Information sur la protection des donn\u00e9es pour GFA5 &#187; Eltako","og_description":"conform\u00e9ment \u00e0 l&rsquo;article 13 du r\u00e8glement g\u00e9n\u00e9ral sur la protection des donn\u00e9es DS-GVO La protection des donn\u00e9es est une pr\u00e9occupation importante pour nous et fait donc \u00e9galement partie de notre code de conduite. Nous vous informons ci-apr\u00e8s des donn\u00e9es \u00e0 caract\u00e8re personnel que nous collectons, c&rsquo;est-\u00e0-dire des donn\u00e9es sur lesquelles nous avons un pouvoir de [&hellip;]","og_url":"https:\/\/www.eltako.com\/fr\/information-sur-la-protection-des-donnees-pour-gfa5\/","og_site_name":"Eltako","article_modified_time":"2023-03-03T05:42:30+00:00","twitter_card":"summary_large_image","twitter_misc":{"Dur\u00e9e de lecture estim\u00e9e":"7 minutes"},"schema":{"@context":"https:\/\/schema.org","@graph":[{"@type":"WebPage","@id":"https:\/\/www.eltako.com\/fr\/information-sur-la-protection-des-donnees-pour-gfa5\/","url":"https:\/\/www.eltako.com\/fr\/information-sur-la-protection-des-donnees-pour-gfa5\/","name":"Information sur la protection des donn\u00e9es pour GFA5 &#187; Eltako","isPartOf":{"@id":"https:\/\/www.eltako.com\/en\/#website"},"datePublished":"2023-03-03T05:42:24+00:00","dateModified":"2023-03-03T05:42:30+00:00","breadcrumb":{"@id":"https:\/\/www.eltako.com\/fr\/information-sur-la-protection-des-donnees-pour-gfa5\/#breadcrumb"},"inLanguage":"fr-FR","potentialAction":[{"@type":"ReadAction","target":["https:\/\/www.eltako.com\/fr\/information-sur-la-protection-des-donnees-pour-gfa5\/"]}]},{"@type":"BreadcrumbList","@id":"https:\/\/www.eltako.com\/fr\/information-sur-la-protection-des-donnees-pour-gfa5\/#breadcrumb","itemListElement":[{"@type":"ListItem","position":1,"name":"Page d\u2019accueil","item":"https:\/\/www.eltako.com\/fr\/"},{"@type":"ListItem","position":2,"name":"Information sur la protection des donn\u00e9es pour GFA5"}]},{"@type":"WebSite","@id":"https:\/\/www.eltako.com\/en\/#website","url":"https:\/\/www.eltako.com\/en\/","name":"Eltako","description":"Schaltger\u00e4te, Netzteile, Stromz\u00e4hler, Dimmer, Geb\u00e4udeinstallation, Steuerungstechnik, Smart Home-L\u00f6sungen, Geb\u00e4udefunk, EnOcean-Technologie","potentialAction":[{"@type":"SearchAction","target":{"@type":"EntryPoint","urlTemplate":"https:\/\/www.eltako.com\/en\/?s={search_term_string}"},"query-input":{"@type":"PropertyValueSpecification","valueRequired":true,"valueName":"search_term_string"}}],"inLanguage":"fr-FR"}]}},"_links":{"self":[{"href":"https:\/\/www.eltako.com\/fr\/wp-json\/wp\/v2\/pages\/128154","targetHints":{"allow":["GET"]}}],"collection":[{"href":"https:\/\/www.eltako.com\/fr\/wp-json\/wp\/v2\/pages"}],"about":[{"href":"https:\/\/www.eltako.com\/fr\/wp-json\/wp\/v2\/types\/page"}],"author":[{"embeddable":true,"href":"https:\/\/www.eltako.com\/fr\/wp-json\/wp\/v2\/users\/39"}],"replies":[{"embeddable":true,"href":"https:\/\/www.eltako.com\/fr\/wp-json\/wp\/v2\/comments?post=128154"}],"version-history":[{"count":1,"href":"https:\/\/www.eltako.com\/fr\/wp-json\/wp\/v2\/pages\/128154\/revisions"}],"predecessor-version":[{"id":128155,"href":"https:\/\/www.eltako.com\/fr\/wp-json\/wp\/v2\/pages\/128154\/revisions\/128155"}],"wp:attachment":[{"href":"https:\/\/www.eltako.com\/fr\/wp-json\/wp\/v2\/media?parent=128154"}],"curies":[{"name":"wp","href":"https:\/\/api.w.org\/{rel}","templated":true}]}}