{"id":129554,"date":"2023-05-04T10:29:24","date_gmt":"2023-05-04T08:29:24","guid":{"rendered":"https:\/\/www.eltako.com\/datenschutzinformation-fuer-gfa5\/"},"modified":"2023-05-04T10:40:39","modified_gmt":"2023-05-04T08:40:39","slug":"datenschutzinformation-fuer-gfa5","status":"publish","type":"page","link":"https:\/\/www.eltako.com\/fi\/datenschutzinformation-fuer-gfa5\/","title":{"rendered":"TIETOSUOJAK\u00c4YT\u00c4NT\u00d6 GFA5-SOVELLUKSELLE"},"content":{"rendered":"\n<h2 class=\"wp-block-heading\"><strong>Yleisen tietosuoja-asetuksen (GDPR) 13 artiklan mukaisesti<\/strong><\/h2>\n\n\n\n<div style=\"height:30px\" aria-hidden=\"true\" class=\"wp-block-spacer\"><\/div>\n\n\n\n<p>Tietosuoja on meille t\u00e4rke\u00e4\u00e4 ja osa toimintaohjeitamme. Seuraavissa tiedoissa kerromme, kuinka ker\u00e4\u00e4mme ja k\u00e4yt\u00e4mme henkil\u00f6tietojasi, ja hahmotellaan sinun oikeutesi.<\/p>\n\n\n\n<p><strong>1. Tietojen k\u00e4sittelyst\u00e4 vastaava taho ja yhteyshenkil\u00f6<\/strong><br>Eltako GmbH<br>Hofener Stra\u00dfe 54<br>70736 Fellbach<br>Hallintoneuvosto: Horst Ulrich Ziegler, Ulrich Ziegler<br>S\u00e4hk\u00f6posti: <a href=\"mailto:info@eltako.de\">info@eltako.de<\/a><\/p>\n\n\n\n<p><strong>2. Tietosuojavastaavan (DPO) yhteystiedot<\/strong><br>Stefan Knecht<br>Tel.: +49 (0) 7021 487628<br>S\u00e4hk\u00f6posti: <a href=\"mailto:datenschutz@eltako.de\">datenschutz@eltako.de<\/a><\/p>\n\n\n\n<p><strong>3. Henkil\u00f6tietojen k\u00e4sittelyn tarkoitus ja oikeusperusta<\/strong><br>Henkil\u00f6tietojasi k\u00e4sitell\u00e4\u00e4n yleisen tietosuoja-asetuksen (GDPR), televiestinn\u00e4n telemedian tietosuojalain (TTDSG) ja muiden asiaankuuluvien tietosuojam\u00e4\u00e4r\u00e4ysten mukaisesti. Lis\u00e4tietoja ja lis\u00e4yksi\u00e4 tiedoista ja niiden k\u00e4sittelytarkoituksista l\u00f6yd\u00e4t sopimusasiakirjoistamme (EULA).<\/p>\n\n\n\n<p><strong>3.1 Suostumus (GDPR, 6 artiklan 1 kohdan (a) alakohta)<\/strong><br>Jos olet antanut meille aktiivisen suostumuksen henkil\u00f6tietojen k\u00e4sittelyyn tietty\u00e4 tarkoitusta varten, kyseinen suostumus on siin\u00e4 mainitun k\u00e4sittelyn laillinen perusta. Voit peruuttaa suostumuksesi milloin tahansa tulevaisuutta varten. >> >> Huomioi, ett\u00e4 suostumus tietojen k\u00e4sittelyyn Saksassa on voimassa vasta 16-vuotiaasta alkaen. Jos olet alle 16-vuotias, pyyd\u00e4 laillisesta huoltajastasi lupa. Annat suostumuksesi esimerkiksi aktivoimalla olemassa olevia k\u00e4ytt\u00f6liittymi\u00e4 tai mukavuustoimintoja. T\u00e4m\u00e4 p\u00e4tee erityisesti \u00e4\u00e4niohjaukseen. Ennen kuin aktivoit\/suostut, lue niiden palveluntarjoajien voimassa olevat tietojenk\u00e4sittelyohjeet, jotka my\u00f6s k\u00e4ytt\u00e4v\u00e4t tietojasi omiin tarkoituksiinsa. T\u00e4ss\u00e4 yhteydess\u00e4 viittaamme nimenomaisesti kohtaan 6 sopivien takuiden osalta.<br><a href=\"https:\/\/policies.google.com\/privacy?hl=de\" target=\"_blank\" rel=\"noreferrer noopener\">https:\/\/policies.google.com\/privacy?hl=de<\/a><br><a href=\"https:\/\/www.amazon.de\/Datenschutzportal-f%C3%BCr-Alexa\/\" target=\"_blank\" rel=\"noreferrer noopener\">https:\/\/www.amazon.de\/Datenschutzportal-f%C3%BCr-Alexa\/<\/a><\/p>\n\n\n\n<p><strong>3.2 Sopimusvelvoitteiden suorittaminen (GDPR, 6 artiklan 1 kohdan (b) alakohta)<\/strong><br>K\u00e4sittelemme henkil\u00f6tietojasi kanssasi tehtyjen loppuk\u00e4ytt\u00e4j\u00e4lisenssisopimusten perusteella. Tietoja k\u00e4sitell\u00e4\u00e4n seuraaviin tarkoituksiin:<\/p>\n\n\n\n<ul class=\"wp-block-list\">\n<li>Asiakastilin perustaminen pilvitoiminnolla<\/li>\n\n\n\n<li>Toimivuuden varmistaminen<\/li>\n\n\n\n<li>Tuotteiden ja palveluiden\/palveluiden tarjoamiseksi ja parantamiseksi<\/li>\n\n\n\n<li>Tarjotaksemme tuotetukea<\/li>\n\n\n\n<li>Varmistaaksemme lisenssisopimuksen noudattamisen<\/li>\n\n\n\n<li>Todistaaksemme EULA:n hyv\u00e4ksymisen<\/li>\n<\/ul>\n\n\n\n<p><strong>3.3 Lakis\u00e4\u00e4teisten velvoitteiden noudattaminen (GDPR, 6 artiklan 1 kohdan (c) alakohta)<\/strong><br>K\u00e4sittelemme henkil\u00f6tietojasi, jos se on tarpeen lakis\u00e4\u00e4teisten velvoitteiden t\u00e4ytt\u00e4miseksi. Esimerkiksi verolain mukaisen tiedonantomenettelyn tai s\u00e4ilytysajan m\u00e4\u00e4r\u00e4yksest\u00e4.<\/p>\n\n\n\n<p><strong>3.4 Meid\u00e4n tai kolmannen osapuolen oikeutetut edut (GDPR, 6 artiklan 1 kohdan (f) alakohta)<\/strong><br>Voimme my\u00f6s k\u00e4ytt\u00e4\u00e4 henkil\u00f6tietojasi etujen tasapainon perusteella suojellaksemme meid\u00e4n tai kolmansien osapuolien oikeutettuja etuja. T\u00e4m\u00e4 tehd\u00e4\u00e4n seuraaviin tarkoituksiin:<\/p>\n\n\n\n<ul class=\"wp-block-list\">\n<li>Oikeudellisten vaatimusten puolustamiseen tai esitt\u00e4miseen<\/li>\n\n\n\n<li>V\u00e4\u00e4rink\u00e4yt\u00f6sten valvonta ja j\u00e4rjestelm\u00e4n\/verkon turvallisuuden varmistaminen<\/li>\n\n\n\n<li>Henkil\u00f6kohtaistamattomat tilastot tuotteiden ja markkinointikonseptien parantamiseksi<\/li>\n\n\n\n<li>Kiinnostuksiin liittyv\u00e4\u00e4 mainontaa ei t\u00e4ll\u00e4 hetkell\u00e4 tehd\u00e4. Jos t\u00e4m\u00e4 otetaan k\u00e4ytt\u00f6\u00f6n my\u00f6hemmin, k\u00e4ytt\u00e4j\u00e4mme saavat OPT-OUT-vaihtoehdon liittyv\u00e4\u00e4 automaattista tietojen yhdist\u00e4mist\u00e4\/analyysi\u00e4 varten.<\/li>\n<\/ul>\n\n\n\n<p><strong>4. K\u00e4sittelemiemme henkil\u00f6tietojen luokat<\/strong><br>Seuraavat tiedot k\u00e4sitell\u00e4\u00e4n:<\/p>\n\n\n\n<ul class=\"wp-block-list\">\n<li>Sukunimi, etunimi -> Sinun ei tarvitse kirjoittaa oikeaa nime\u00e4si t\u00e4h\u00e4n. Pseudonyymi riitt\u00e4\u00e4.<\/li>\n\n\n\n<li>Tilitiedot (s\u00e4hk\u00f6postiosoite, salasana ja siihen liittyv\u00e4 toimitettu sis\u00e4lt\u00f6 (opetetut laitteet ja sarjanumero)).<\/li>\n\n\n\n<li>IP-osoite ja aikaleima<\/li>\n\n\n\n<li>Diagnostiset tiedot<\/li>\n\n\n\n<li>P\u00e4\u00e4telaitteesi j\u00e4rjestelm\u00e4- ja laitetiedot<\/li>\n\n\n\n<li>Laitteen tapahtumat ja laitteen tilat, kun ilmoitat virheest\u00e4<\/li>\n\n\n\n<li>Data, joka syntyy, kun mukavuustoiminnot on aktivoitu (esim. sijainti, puheohjauksen liit\u00e4nt\u00e4)<\/li>\n<\/ul>\n\n\n\n<p><strong>5. Kuka saa n\u00e4hd\u00e4 tietosi?<\/strong><br>V\u00e4lit\u00e4mme henkil\u00f6tietoja vain, jos siihen on laillinen peruste ja\/tai oikeuksillesi ja vapauksillesi on olemassa asianmukaiset takeet.<\/p>\n\n\n\n<p>V\u00e4lit\u00e4mme henkil\u00f6tietojasi yrityksemme sis\u00e4ll\u00e4 niille teht\u00e4ville, jotka edellytt\u00e4v\u00e4t n\u00e4it\u00e4 tietoja sopimus- ja lakis\u00e4\u00e4teisten velvoitteiden t\u00e4ytt\u00e4miseksi. Lis\u00e4ksi seuraavat tahot saavat tietosi:<\/p>\n\n\n\n<ul class=\"wp-block-list\">\n<li>Tilauksen prosessoijat joita k\u00e4yt\u00e4mme (Art. 28 GDPR) tai palveluntarjoajat tukitoimintoihin, erityisesti IT-palvelujen, ohjelmistotoimittajien, ulkoisten tietokeskusten, IT-sovellusten tuen\/yll\u00e4pidon, is\u00e4nn\u00f6innin, kehityksen, analyysin ja mukavuustoimintojen aloilla.<\/li>\n\n\n\n<li>Riippumattomat kolmannet osapuolet tarvittaessa lakis\u00e4\u00e4teisten vaatimusten t\u00e4ytt\u00e4miseksi (esim. veroneuvojat).<\/li>\n<\/ul>\n\n\n\n<p>Valittujen palveluntarjoajien on t\u00e4ytett\u00e4v\u00e4 erityiset luottamuksellisuusvaatimukset. Heille my\u00f6nnet\u00e4\u00e4n p\u00e4\u00e4sy henkil\u00f6tietoihin rajoitetusti ja rajoitetun ajan, mik\u00e4 on tarpeen teht\u00e4v\u00e4n (teht\u00e4vien) suorittamiseksi.<\/p>\n\n\n\n<p><strong>6. Henkil\u00f6tietojen siirto kolmanteen maahan tai kansainv\u00e4liseen organisaatioon<\/strong><br>Kun otat k\u00e4ytt\u00f6\u00f6n mukavuusominaisuuksia, erityisesti puheohjauksen, turvattomassa kolmannessa maassa sijaitsevat kolmannen osapuolen palveluntarjoajat saavat tietosi. Tietojemme mukaan n\u00e4ille tiedonsiirroille ei ole olemassa sopivia takeita oikeuksistasi ja vapauksistasi. Ota t\u00e4m\u00e4 huomioon ennen n\u00e4iden k\u00e4ytt\u00f6liittymien k\u00e4ytt\u00f6\u00e4.<\/p>\n\n\n\n<p>Meid\u00e4n puoleltamme tietoja ei k\u00e4sitell\u00e4 EU:n tai ETA:n ulkopuolella. Jos p\u00e4\u00e4t\u00e4mme my\u00f6hemmin tehd\u00e4 niin, kiinnit\u00e4mme erityist\u00e4 huomiota asianmukaisiin suojatoimiin.<\/p>\n\n\n\n<p><strong>7. Kuinka kauan s\u00e4ilyt\u00e4mme tietojasi<\/strong><br>S\u00e4ilytysaika riippuu k\u00e4sittelyn tarkoituksesta ja on niin pitk\u00e4 kuin on tarpeen asetetun tarkoituksen saavuttamiseksi. My\u00f6hemmin tiedot poistetaan tai anonymisoidaan peruuttamattomasti, esim. yhdist\u00e4m\u00e4ll\u00e4 tai poistamalla tietoja, jotka mahdollistaisivat uudelleentunnistamisen.<\/p>\n\n\n\n<p>Jos lakis\u00e4\u00e4teinen vanhentumisaika on olemassa, s\u00e4ilyt\u00e4mme tiettyj\u00e4 henkil\u00f6tietoja kyseisen ajanjakson loppuun asti.<\/p>\n\n\n\n<p>Jos lakis\u00e4\u00e4teiset velvoitteet edellytt\u00e4v\u00e4t, ett\u00e4 jatkamme tietojen s\u00e4ilytt\u00e4mist\u00e4, k\u00e4sittely\u00e4 rajoitetaan ja tietojen k\u00e4ytt\u00f6 estet\u00e4\u00e4n.<br>Voit poistaa asiakastilisi itse sovelluksen kautta.<\/p>\n\n\n\n<p><strong>8. Miss\u00e4 m\u00e4\u00e4rin k\u00e4yt\u00e4mme automaattista yksil\u00f6llist\u00e4 p\u00e4\u00e4t\u00f6ksentekoa (mukaan lukien profilointi)?<\/strong><br>Emme k\u00e4yt\u00e4 mit\u00e4\u00e4n puhtaasti automatisoituja p\u00e4\u00e4t\u00f6ksentekoprosesseja GDPR:n artiklan 22 mukaisesti. Jos k\u00e4yt\u00e4mme t\u00e4llaisia prosesseja yksitt\u00e4isiss\u00e4 tapauksissa, sinulle ilmoitetaan niist\u00e4 erikseen, jos laki vaatii.<\/p>\n\n\n\n<p><strong><strong>9. Tietosuojaoikeutesi<\/strong> <\/strong><br>Sinulla on GDPR artiklan 15 mukainen oikeus saada tietoja, GDPR artiklan 16 mukainen oikeus oikaisuun, GDPR artiklan 17 mukainen oikeus tietojen poistamiseen (oikeus tulla unohdetuksi), GDPR artiklan 18 mukainen k\u00e4sittelyn rajoittaminen ja oikeus tietojen siirt\u00e4miseen GDPR:n artiklan 20 mukaisesti. Periaatteessa oikeus vastustaa henkil\u00f6tietojen k\u00e4sittely\u00e4 on olemassa GDPR:n artiklan 21 nojalla edellytt\u00e4en, ett\u00e4 k\u00e4sittely perustuu oikeutettuun etuun (GDPR 6 artiklan 1 kohdan (f) alakohta). T\u00e4m\u00e4 vastustusoikeus koskee kuitenkin vain henkil\u00f6kohtaista tilannettasi koskevia erityisi\u00e4 olosuhteita, jolloin yhti\u00f6mme oikeudet voivat mahdollisesti olla ristiriidassa vastustusoikeutesi kanssa. BDSG:n 34 ja 35 \u00a7:n mukaiset rajoitukset koskevat tiedonsaantioikeutta ja poisto oikeutta. Jos haluat puolustaa jotakin n\u00e4ist\u00e4 oikeuksista, ota yhteytt\u00e4 tietosuojavastaavaamme osoitteessa <a href=\"mailto:datenschutz@eltako.de\">datenschutz@eltako.de<\/a>.<br><br>Sinulla on oikeus valittaa tietosuojavalvontaviranomaiselle (GDPR 77 artikla). Meist\u00e4 vastaava valvontaviranomainen on:<br>The State Commissioner for Data Protection and Freedom of Information<br>Lautenschlagerstra\u00dfe 20<br>70173 Stuttgart<\/p>\n\n\n\n<p><strong>10. Velvollisuutesi laajuus toimittaa meille tietosi<\/strong><br>Sinun on toimitettava vain tiedot, jotka ovat tarpeen sopimuksen, erityisesti toiminnallisuuden, parannus- ja tukipalvelujen, toteuttamiseksi. Valinnaisten tietojen osalta niiden toimittamatta j\u00e4tt\u00e4minen voi tarkoittaa, ett\u00e4 palvelua ei voida tarjota normaalisti, kuten mukavuusominaisuuksien aktivointi.<\/p>\n\n\n\n<div style=\"height:30px\" aria-hidden=\"true\" class=\"wp-block-spacer\"><\/div>\n\n\n\n<p>Tila: 01\/27\/2023<\/p>\n","protected":false},"excerpt":{"rendered":"<p>Yleisen tietosuoja-asetuksen (GDPR) 13 artiklan mukaisesti Tietosuoja on meille t\u00e4rke\u00e4\u00e4 ja osa toimintaohjeitamme. Seuraavissa tiedoissa kerromme, kuinka ker\u00e4\u00e4mme ja k\u00e4yt\u00e4mme henkil\u00f6tietojasi, ja hahmotellaan sinun oikeutesi. 1. Tietojen k\u00e4sittelyst\u00e4 vastaava taho ja yhteyshenkil\u00f6Eltako GmbHHofener Stra\u00dfe 5470736 FellbachHallintoneuvosto: Horst Ulrich Ziegler, Ulrich ZieglerS\u00e4hk\u00f6posti: info@eltako.de 2. Tietosuojavastaavan (DPO) yhteystiedotStefan KnechtTel.: +49 (0) 7021 487628S\u00e4hk\u00f6posti: datenschutz@eltako.de 3. Henkil\u00f6tietojen k\u00e4sittelyn [&hellip;]<\/p>\n","protected":false},"author":39,"featured_media":0,"parent":0,"menu_order":0,"comment_status":"closed","ping_status":"closed","template":"","meta":{"_acf_changed":false,"footnotes":"","_links_to":"","_links_to_target":""},"class_list":["post-129554","page","type-page","status-publish","hentry"],"acf":[],"yoast_head":"<!-- This site is optimized with the Yoast SEO plugin v27.2 - https:\/\/yoast.com\/product\/yoast-seo-wordpress\/ -->\n<title>TIETOSUOJAK\u00c4YT\u00c4NT\u00d6 GFA5-SOVELLUKSELLE &#187; Eltako<\/title>\n<meta name=\"robots\" content=\"index, follow, max-snippet:-1, max-image-preview:large, max-video-preview:-1\" \/>\n<link rel=\"canonical\" href=\"https:\/\/www.eltako.com\/fi\/datenschutzinformation-fuer-gfa5\/\" \/>\n<meta property=\"og:locale\" content=\"fi_FI\" \/>\n<meta property=\"og:type\" content=\"article\" \/>\n<meta property=\"og:title\" content=\"TIETOSUOJAK\u00c4YT\u00c4NT\u00d6 GFA5-SOVELLUKSELLE &#187; Eltako\" \/>\n<meta property=\"og:description\" content=\"Yleisen tietosuoja-asetuksen (GDPR) 13 artiklan mukaisesti Tietosuoja on meille t\u00e4rke\u00e4\u00e4 ja osa toimintaohjeitamme. Seuraavissa tiedoissa kerromme, kuinka ker\u00e4\u00e4mme ja k\u00e4yt\u00e4mme henkil\u00f6tietojasi, ja hahmotellaan sinun oikeutesi. 1. Tietojen k\u00e4sittelyst\u00e4 vastaava taho ja yhteyshenkil\u00f6Eltako GmbHHofener Stra\u00dfe 5470736 FellbachHallintoneuvosto: Horst Ulrich Ziegler, Ulrich ZieglerS\u00e4hk\u00f6posti: info@eltako.de 2. Tietosuojavastaavan (DPO) yhteystiedotStefan KnechtTel.: +49 (0) 7021 487628S\u00e4hk\u00f6posti: datenschutz@eltako.de 3. Henkil\u00f6tietojen k\u00e4sittelyn [&hellip;]\" \/>\n<meta property=\"og:url\" content=\"https:\/\/www.eltako.com\/fi\/datenschutzinformation-fuer-gfa5\/\" \/>\n<meta property=\"og:site_name\" content=\"Eltako\" \/>\n<meta property=\"article:modified_time\" content=\"2023-05-04T08:40:39+00:00\" \/>\n<meta name=\"twitter:card\" content=\"summary_large_image\" \/>\n<meta name=\"twitter:label1\" content=\"Arvioitu lukuaika\" \/>\n\t<meta name=\"twitter:data1\" content=\"5 minuuttia\" \/>\n<script type=\"application\/ld+json\" class=\"yoast-schema-graph\">{\"@context\":\"https:\/\/schema.org\",\"@graph\":[{\"@type\":\"WebPage\",\"@id\":\"https:\/\/www.eltako.com\/fi\/datenschutzinformation-fuer-gfa5\/\",\"url\":\"https:\/\/www.eltako.com\/fi\/datenschutzinformation-fuer-gfa5\/\",\"name\":\"TIETOSUOJAK\u00c4YT\u00c4NT\u00d6 GFA5-SOVELLUKSELLE &#187; Eltako\",\"isPartOf\":{\"@id\":\"https:\/\/www.eltako.com\/en\/#website\"},\"datePublished\":\"2023-05-04T08:29:24+00:00\",\"dateModified\":\"2023-05-04T08:40:39+00:00\",\"breadcrumb\":{\"@id\":\"https:\/\/www.eltako.com\/fi\/datenschutzinformation-fuer-gfa5\/#breadcrumb\"},\"inLanguage\":\"fi\",\"potentialAction\":[{\"@type\":\"ReadAction\",\"target\":[\"https:\/\/www.eltako.com\/fi\/datenschutzinformation-fuer-gfa5\/\"]}]},{\"@type\":\"BreadcrumbList\",\"@id\":\"https:\/\/www.eltako.com\/fi\/datenschutzinformation-fuer-gfa5\/#breadcrumb\",\"itemListElement\":[{\"@type\":\"ListItem\",\"position\":1,\"name\":\"Kotisivu\",\"item\":\"https:\/\/www.eltako.com\/fi\/\"},{\"@type\":\"ListItem\",\"position\":2,\"name\":\"TIETOSUOJAK\u00c4YT\u00c4NT\u00d6 GFA5-SOVELLUKSELLE\"}]},{\"@type\":\"WebSite\",\"@id\":\"https:\/\/www.eltako.com\/en\/#website\",\"url\":\"https:\/\/www.eltako.com\/en\/\",\"name\":\"Eltako\",\"description\":\"Schaltger\u00e4te, Netzteile, Stromz\u00e4hler, Dimmer, Geb\u00e4udeinstallation, Steuerungstechnik, Smart Home-L\u00f6sungen, Geb\u00e4udefunk, EnOcean-Technologie\",\"potentialAction\":[{\"@type\":\"SearchAction\",\"target\":{\"@type\":\"EntryPoint\",\"urlTemplate\":\"https:\/\/www.eltako.com\/en\/?s={search_term_string}\"},\"query-input\":{\"@type\":\"PropertyValueSpecification\",\"valueRequired\":true,\"valueName\":\"search_term_string\"}}],\"inLanguage\":\"fi\"}]}<\/script>\n<!-- \/ Yoast SEO plugin. -->","yoast_head_json":{"title":"TIETOSUOJAK\u00c4YT\u00c4NT\u00d6 GFA5-SOVELLUKSELLE &#187; Eltako","robots":{"index":"index","follow":"follow","max-snippet":"max-snippet:-1","max-image-preview":"max-image-preview:large","max-video-preview":"max-video-preview:-1"},"canonical":"https:\/\/www.eltako.com\/fi\/datenschutzinformation-fuer-gfa5\/","og_locale":"fi_FI","og_type":"article","og_title":"TIETOSUOJAK\u00c4YT\u00c4NT\u00d6 GFA5-SOVELLUKSELLE &#187; Eltako","og_description":"Yleisen tietosuoja-asetuksen (GDPR) 13 artiklan mukaisesti Tietosuoja on meille t\u00e4rke\u00e4\u00e4 ja osa toimintaohjeitamme. Seuraavissa tiedoissa kerromme, kuinka ker\u00e4\u00e4mme ja k\u00e4yt\u00e4mme henkil\u00f6tietojasi, ja hahmotellaan sinun oikeutesi. 1. Tietojen k\u00e4sittelyst\u00e4 vastaava taho ja yhteyshenkil\u00f6Eltako GmbHHofener Stra\u00dfe 5470736 FellbachHallintoneuvosto: Horst Ulrich Ziegler, Ulrich ZieglerS\u00e4hk\u00f6posti: info@eltako.de 2. Tietosuojavastaavan (DPO) yhteystiedotStefan KnechtTel.: +49 (0) 7021 487628S\u00e4hk\u00f6posti: datenschutz@eltako.de 3. Henkil\u00f6tietojen k\u00e4sittelyn [&hellip;]","og_url":"https:\/\/www.eltako.com\/fi\/datenschutzinformation-fuer-gfa5\/","og_site_name":"Eltako","article_modified_time":"2023-05-04T08:40:39+00:00","twitter_card":"summary_large_image","twitter_misc":{"Arvioitu lukuaika":"5 minuuttia"},"schema":{"@context":"https:\/\/schema.org","@graph":[{"@type":"WebPage","@id":"https:\/\/www.eltako.com\/fi\/datenschutzinformation-fuer-gfa5\/","url":"https:\/\/www.eltako.com\/fi\/datenschutzinformation-fuer-gfa5\/","name":"TIETOSUOJAK\u00c4YT\u00c4NT\u00d6 GFA5-SOVELLUKSELLE &#187; Eltako","isPartOf":{"@id":"https:\/\/www.eltako.com\/en\/#website"},"datePublished":"2023-05-04T08:29:24+00:00","dateModified":"2023-05-04T08:40:39+00:00","breadcrumb":{"@id":"https:\/\/www.eltako.com\/fi\/datenschutzinformation-fuer-gfa5\/#breadcrumb"},"inLanguage":"fi","potentialAction":[{"@type":"ReadAction","target":["https:\/\/www.eltako.com\/fi\/datenschutzinformation-fuer-gfa5\/"]}]},{"@type":"BreadcrumbList","@id":"https:\/\/www.eltako.com\/fi\/datenschutzinformation-fuer-gfa5\/#breadcrumb","itemListElement":[{"@type":"ListItem","position":1,"name":"Kotisivu","item":"https:\/\/www.eltako.com\/fi\/"},{"@type":"ListItem","position":2,"name":"TIETOSUOJAK\u00c4YT\u00c4NT\u00d6 GFA5-SOVELLUKSELLE"}]},{"@type":"WebSite","@id":"https:\/\/www.eltako.com\/en\/#website","url":"https:\/\/www.eltako.com\/en\/","name":"Eltako","description":"Schaltger\u00e4te, Netzteile, Stromz\u00e4hler, Dimmer, Geb\u00e4udeinstallation, Steuerungstechnik, Smart Home-L\u00f6sungen, Geb\u00e4udefunk, EnOcean-Technologie","potentialAction":[{"@type":"SearchAction","target":{"@type":"EntryPoint","urlTemplate":"https:\/\/www.eltako.com\/en\/?s={search_term_string}"},"query-input":{"@type":"PropertyValueSpecification","valueRequired":true,"valueName":"search_term_string"}}],"inLanguage":"fi"}]}},"_links":{"self":[{"href":"https:\/\/www.eltako.com\/fi\/wp-json\/wp\/v2\/pages\/129554","targetHints":{"allow":["GET"]}}],"collection":[{"href":"https:\/\/www.eltako.com\/fi\/wp-json\/wp\/v2\/pages"}],"about":[{"href":"https:\/\/www.eltako.com\/fi\/wp-json\/wp\/v2\/types\/page"}],"author":[{"embeddable":true,"href":"https:\/\/www.eltako.com\/fi\/wp-json\/wp\/v2\/users\/39"}],"replies":[{"embeddable":true,"href":"https:\/\/www.eltako.com\/fi\/wp-json\/wp\/v2\/comments?post=129554"}],"version-history":[{"count":3,"href":"https:\/\/www.eltako.com\/fi\/wp-json\/wp\/v2\/pages\/129554\/revisions"}],"predecessor-version":[{"id":129558,"href":"https:\/\/www.eltako.com\/fi\/wp-json\/wp\/v2\/pages\/129554\/revisions\/129558"}],"wp:attachment":[{"href":"https:\/\/www.eltako.com\/fi\/wp-json\/wp\/v2\/media?parent=129554"}],"curies":[{"name":"wp","href":"https:\/\/api.w.org\/{rel}","templated":true}]}}