{"id":129543,"date":"2023-05-04T09:08:45","date_gmt":"2023-05-04T07:08:45","guid":{"rendered":"https:\/\/www.eltako.com\/informacion-sobre-la-privacidad-de-gfa5\/"},"modified":"2023-05-04T09:26:06","modified_gmt":"2023-05-04T07:26:06","slug":"informacion-sobre-la-privacidad-de-gfa5","status":"publish","type":"page","link":"https:\/\/www.eltako.com\/es\/informacion-sobre-la-privacidad-de-gfa5\/","title":{"rendered":"INFORMACI\u00d3N SOBRE LA PRIVACIDAD DE GFA5"},"content":{"rendered":"\n<h2 class=\"wp-block-heading\">De conformidad con el Art. 13 del Reglamento General de Protecci\u00f3n de Datos DS-GVO.<\/h2>\n\n\n\n<div style=\"height:30px\" aria-hidden=\"true\" class=\"wp-block-spacer\"><\/div>\n\n\n\n<p>La protecci\u00f3n de datos es una preocupaci\u00f3n importante para nosotros y, por lo tanto, tambi\u00e9n forma parte de nuestro C\u00f3digo de Conducta. A continuaci\u00f3n, le informamos sobre qu\u00e9 datos personales recopilamos, es decir, sobre qu\u00e9 datos tenemos un poder de disposici\u00f3n activo, sobre qu\u00e9 base jur\u00eddica procesamos los datos y qu\u00e9 derechos le asisten. <\/p>\n\n\n\n<p><strong>1. \u00bfQui\u00e9n es el responsable del tratamiento de datos y a qui\u00e9n puede dirigirse?<\/strong><br>Eltako GmbH<br>Hofener Stra\u00dfe 54<br>70736 Fellbach<br>Direcci\u00f3n: Horst Ulrich Ziegler, Ulrich Ziegler<br>Correo electr\u00f3nico: <a href=\"mailto:info@eltako.de\">info@eltako.de<\/a><a href=\"mailto:info@eltako.de\"><\/a><\/p>\n\n\n\n<p><strong>2. Datos de contacto del responsable de la protecci\u00f3n de datos<\/strong><br>Stefan Knecht<br>Tel\u00e9fono: +49 (0) 7021 487628<br>Correo electr\u00f3nico: <a href=\"mailto:datenschutz@eltako.de\">datenschutz@eltako.de<\/a><\/p>\n\n\n\n<p><strong>3. Fines del tratamiento y base jur\u00eddica<\/strong><br>Sus datos personales ser\u00e1n procesados de conformidad con las disposiciones del Reglamento General de Protecci\u00f3n de Datos (DSGVO), la Ley de Protecci\u00f3n de Datos de Telecomunicaciones y Medios de Comunicaci\u00f3n (TTDSG) y otras normas pertinentes de protecci\u00f3n de datos. Encontrar\u00e1 m\u00e1s detalles y complementos sobre los datos y sus fines de tratamiento en nuestros documentos contractuales (EULA).<\/p>\n\n\n\n<p><strong>3.1 Consentimiento (Art. 6 p\u00e1rr. 1 letra a DSGVO)<\/strong><br>Si nos ha dado su consentimiento activo para procesar datos personales para un fin espec\u00edfico, el consentimiento respectivo es la base legal para el procesamiento al que se hace referencia en el mismo. Puede revocar el consentimiento en cualquier momento con efecto para el futuro. &gt;&gt; Tenga en cuenta que el consentimiento para el tratamiento de datos en Alemania s\u00f3lo es efectivo a partir de los 16 a\u00f1os. Si tiene menos de 16 a\u00f1os, pida permiso a su tutor legal. Usted da su consentimiento, por ejemplo, activando interfaces o funciones de confort existentes. Este es el caso, en particular, del control por voz. Antes de activar\/consentir, tenga en cuenta las instrucciones v\u00e1lidas de tratamiento de datos de los proveedores de servicios que tambi\u00e9n utilizan sus datos para sus propios fines. En este contexto, nos remitimos expresamente al apartado 6 relativo a las garant\u00edas adecuadas.<br><a href=\"https:\/\/policies.google.com\/privacy?hl=de\" target=\"_blank\" rel=\"noreferrer noopener\">https:\/\/policies.google.com\/privacy?hl=de<\/a><br><a href=\"https:\/\/www.amazon.de\/Datenschutzportal-f%C3%BCr-Alexa\/\" target=\"_blank\" rel=\"noreferrer noopener\">https:\/\/www.amazon.de\/Datenschutzportal-f%C3%BCr-Alexa\/<\/a><\/p>\n\n\n\n<p><strong>3.2 Cumplimiento de un contrato (art. 6, apdo. 1, letra b)<\/strong><br>Procesamos sus datos personales sobre la base de nuestro contrato de licencia de usuario final con usted. Los datos se procesan para los siguientes fines<\/p>\n\n\n\n<ul class=\"wp-block-list\">\n<li>Establecer una cuenta de cliente con funci\u00f3n de nube<\/li>\n\n\n\n<li>Garantizar la funcionalidad<\/li>\n\n\n\n<li>Proporcionar y mejorar productos y servicios\/servicios<\/li>\n\n\n\n<li>Proporcionar asistencia para los productos<\/li>\n\n\n\n<li>Verificar el cumplimiento del acuerdo de licencia<\/li>\n\n\n\n<li>Documentar la aceptaci\u00f3n del CLUF<\/li>\n<\/ul>\n\n\n\n<p><strong>3.3 Cumplimiento de obligaciones legales (Art. 6 p\u00e1rrafo 1 lit. c DSGVO)<\/strong><br>Procesamos sus datos personales si es necesario para cumplir con obligaciones legales. Por ejemplo, por orden de un procedimiento de informaci\u00f3n o un per\u00edodo de retenci\u00f3n de acuerdo con el C\u00f3digo Fiscal alem\u00e1n.<\/p>\n\n\n\n<p><strong>3.4 Inter\u00e9s leg\u00edtimo nuestro o de terceros (Art. 6 p\u00e1rr. 1 lit. f DSGVO)<\/strong><br>Tambi\u00e9n podemos utilizar sus datos personales sobre la base de un equilibrio de intereses para proteger el inter\u00e9s leg\u00edtimo nuestro o de terceros.<\/p>\n\n\n\n<ul class=\"wp-block-list\">\n<li>Esto se hace para los siguientes fines para la defensa o afirmaci\u00f3n de reclamaciones legales<\/li>\n\n\n\n<li>Control de abusos y garant\u00eda de la seguridad del sistema\/red<\/li>\n\n\n\n<li>Estad\u00edsticas no personalizadas para mejorar productos y conceptos de marketing<\/li>\n\n\n\n<li>Actualmente no se realiza publicidad relacionada con los intereses. En caso de que esto se lleve a cabo m\u00e1s adelante, nuestros usuarios dispondr\u00e1n de una opci\u00f3n de OPT-OUT para la combinaci\u00f3n\/an\u00e1lisis automatizados de datos asociados.<\/li>\n<\/ul>\n\n\n\n<p><strong>4. Categor\u00edas de datos personales tratados por nosotros<\/strong><br>Se procesan los siguientes datos<\/p>\n\n\n\n<ul class=\"wp-block-list\">\n<li>Apellidos, nombre -&gt; No es necesario que introduzca aqu\u00ed su nombre real. Basta con un seud\u00f3nimo.<\/li>\n\n\n\n<li>Datos de la cuenta (direcci\u00f3n de correo electr\u00f3nico, contrase\u00f1a y contenido proporcionado asociado (dispositivos aprendidos y n\u00famero de serie)).<\/li>\n\n\n\n<li>Direcci\u00f3n IP y marca de tiempo<\/li>\n\n\n\n<li>Datos de diagn\u00f3stico<\/li>\n\n\n\n<li>Datos del sistema y del dispositivo de su dispositivo terminal<\/li>\n\n\n\n<li>Eventos del dispositivo y estados del dispositivo cuando informa de un error<\/li>\n\n\n\n<li>Datos que se acumulan cuando se activan funciones de confort (por ejemplo, localizaci\u00f3n, conexi\u00f3n del control por voz)<\/li>\n<\/ul>\n\n\n\n<p><strong>5. \u00bfQui\u00e9n recibe sus datos?<\/strong><\/p>\n\n\n\n<ul class=\"wp-block-list\">\n<li>Procesadores de pedidos (Art. 28 DSGVO) o proveedores de servicios utilizados por nosotros para actividades de apoyo, en particular en las \u00e1reas de servicios de TI, proveedores de software, centros de datos externos, soporte\/mantenimiento de aplicaciones de TI, alojamiento, desarrollo, an\u00e1lisis, funciones de comodidad.<\/li>\n\n\n\n<li>Terceros independientes si es necesario para cumplir requisitos legales (por ejemplo, asesores fiscales).<\/li>\n<\/ul>\n\n\n\n<p>Nuestros proveedores de servicios seleccionados deben cumplir requisitos especiales de confidencialidad. Se les concede acceso a los datos personales en la medida y durante el tiempo limitados que sean necesarios para el cumplimiento de la(s) tarea(s).<\/p>\n\n\n\n<p><strong>6. Transferencia de sus datos a un tercer pa\u00eds o a una organizaci\u00f3n internacional<\/strong><br>Si activa las funciones de confort, en particular el control por voz, recibir\u00e1n sus datos terceros proveedores con sede en un tercer pa\u00eds inseguro. Por lo que sabemos, no existen garant\u00edas adecuadas de sus derechos y libertades para estas transferencias de datos. Tenga esto en cuenta antes de utilizar estas interfaces.<\/p>\n\n\n\n<p>No procesamos datos fuera de la UE o del EEE. Si posteriormente decidimos hacerlo, haremos hincapi\u00e9 en las salvaguardias adecuadas.<\/p>\n\n\n\n<p><strong>7. \u00bfCu\u00e1nto tiempo almacenamos sus datos?<\/strong><br>El periodo de almacenamiento depende de la finalidad del tratamiento y es el tiempo necesario para alcanzar el fin perseguido. Posteriormente, los datos se suprimir\u00e1n o se anonimizar\u00e1n de forma irreversible, por ejemplo, agregando o eliminando cualquier dato que permita su reidentificaci\u00f3n.<\/p>\n\n\n\n<p><strong>8. \u00bfEn qu\u00e9 medida se toman decisiones automatizadas en casos individuales (incluida la elaboraci\u00f3n de perfiles)?<\/strong><br>No utilizamos ning\u00fan procedimiento de toma de decisiones puramente automatizado de conformidad con el art\u00edculo 22 del RGPD. Si utilizamos estos procedimientos en casos individuales, le informaremos de ello por separado, en la medida en que lo exija la ley.<\/p>\n\n\n\n<p><strong>9. Sus derechos en materia de protecci\u00f3n de datos<\/strong><br>Tiene derecho a recibir informaci\u00f3n de conformidad con el art\u00edculo 15 de la DSGVO, derecho de rectificaci\u00f3n de conformidad con el art\u00edculo 16 de la DSGVO, derecho de supresi\u00f3n de conformidad con el art\u00edculo 17 de la DSGVO, derecho a la limitaci\u00f3n del tratamiento de conformidad con el art\u00edculo 18 de la DSGVO y derecho a la portabilidad de los datos de conformidad con el art\u00edculo 20 de la DSGVO. En principio, existe el derecho a oponerse al tratamiento de datos personales por nuestra parte de conformidad con el art\u00edculo 21 del DSGVO, siempre que el tratamiento se base en un inter\u00e9s leg\u00edtimo (art\u00edculo 6, apartado 1, letra f) del DSGVO). Sin embargo, este derecho de oposici\u00f3n s\u00f3lo se aplica en el caso de circunstancias muy especiales de su situaci\u00f3n personal, por lo que los derechos de nuestra empresa podr\u00edan entrar en conflicto con su derecho de oposici\u00f3n.<br>Las restricciones seg\u00fan los art\u00edculos 34 y 35 de la BDSG se aplican al derecho de informaci\u00f3n y al derecho de supresi\u00f3n. <br>Si desea ejercer alguno de estos derechos, p\u00f3ngase en contacto con nuestro responsable de protecci\u00f3n de datos en <a href=\"mailto:datenschutz@eltako.de\">datenschutz@eltako.de<\/a>.<br><br>Tiene derecho a presentar una reclamaci\u00f3n ante la autoridad supervisora de protecci\u00f3n de datos (art. 77 DSGVO). La autoridad supervisora responsable de nosotros es:<br>El Comisionado Estatal de Protecci\u00f3n de Datos y Libertad de Informaci\u00f3n.<br>Lautenschlagerstra\u00dfe 20<br>70173 Stuttgart<\/p>\n\n\n\n<p><strong>10. &nbsp;Alcance de su obligaci\u00f3n de facilitarnos sus datos<\/strong><br>S\u00f3lo tiene que facilitarnos los datos que sean necesarios para el cumplimiento del contrato, en particular los servicios de funcionalidad, mejora y asistencia. En el caso de los datos opcionales, el hecho de no facilitarlos puede implicar que el servicio no pueda prestarse de la forma habitual, por ejemplo, al activar funciones de comodidad.<\/p>\n\n\n\n<div style=\"height:30px\" aria-hidden=\"true\" class=\"wp-block-spacer\"><\/div>\n\n\n\n<p>Estado: 27.01.2023<\/p>\n","protected":false},"excerpt":{"rendered":"<p>De conformidad con el Art. 13 del Reglamento General de Protecci\u00f3n de Datos DS-GVO. La protecci\u00f3n de datos es una preocupaci\u00f3n importante para nosotros y, por lo tanto, tambi\u00e9n forma parte de nuestro C\u00f3digo de Conducta. A continuaci\u00f3n, le informamos sobre qu\u00e9 datos personales recopilamos, es decir, sobre qu\u00e9 datos tenemos un poder de disposici\u00f3n [&hellip;]<\/p>\n","protected":false},"author":39,"featured_media":0,"parent":0,"menu_order":0,"comment_status":"closed","ping_status":"closed","template":"","meta":{"_acf_changed":false,"footnotes":"","_links_to":"","_links_to_target":""},"class_list":["post-129543","page","type-page","status-publish","hentry"],"acf":[],"yoast_head":"<!-- This site is optimized with the Yoast SEO plugin v27.2 - https:\/\/yoast.com\/product\/yoast-seo-wordpress\/ -->\n<title>INFORMACI\u00d3N SOBRE LA PRIVACIDAD DE GFA5 &#187; Eltako<\/title>\n<meta name=\"robots\" content=\"index, follow, max-snippet:-1, max-image-preview:large, max-video-preview:-1\" \/>\n<link rel=\"canonical\" href=\"https:\/\/www.eltako.com\/es\/informacion-sobre-la-privacidad-de-gfa5\/\" \/>\n<meta property=\"og:locale\" content=\"es_ES\" \/>\n<meta property=\"og:type\" content=\"article\" \/>\n<meta property=\"og:title\" content=\"INFORMACI\u00d3N SOBRE LA PRIVACIDAD DE GFA5 &#187; Eltako\" \/>\n<meta property=\"og:description\" content=\"De conformidad con el Art. 13 del Reglamento General de Protecci\u00f3n de Datos DS-GVO. La protecci\u00f3n de datos es una preocupaci\u00f3n importante para nosotros y, por lo tanto, tambi\u00e9n forma parte de nuestro C\u00f3digo de Conducta. A continuaci\u00f3n, le informamos sobre qu\u00e9 datos personales recopilamos, es decir, sobre qu\u00e9 datos tenemos un poder de disposici\u00f3n [&hellip;]\" \/>\n<meta property=\"og:url\" content=\"https:\/\/www.eltako.com\/es\/informacion-sobre-la-privacidad-de-gfa5\/\" \/>\n<meta property=\"og:site_name\" content=\"Eltako\" \/>\n<meta property=\"article:modified_time\" content=\"2023-05-04T07:26:06+00:00\" \/>\n<meta name=\"twitter:card\" content=\"summary_large_image\" \/>\n<meta name=\"twitter:label1\" content=\"Tiempo de lectura\" \/>\n\t<meta name=\"twitter:data1\" content=\"7 minutos\" \/>\n<script type=\"application\/ld+json\" class=\"yoast-schema-graph\">{\"@context\":\"https:\/\/schema.org\",\"@graph\":[{\"@type\":\"WebPage\",\"@id\":\"https:\/\/www.eltako.com\/es\/informacion-sobre-la-privacidad-de-gfa5\/\",\"url\":\"https:\/\/www.eltako.com\/es\/informacion-sobre-la-privacidad-de-gfa5\/\",\"name\":\"INFORMACI\u00d3N SOBRE LA PRIVACIDAD DE GFA5 &#187; Eltako\",\"isPartOf\":{\"@id\":\"https:\/\/www.eltako.com\/en\/#website\"},\"datePublished\":\"2023-05-04T07:08:45+00:00\",\"dateModified\":\"2023-05-04T07:26:06+00:00\",\"breadcrumb\":{\"@id\":\"https:\/\/www.eltako.com\/es\/informacion-sobre-la-privacidad-de-gfa5\/#breadcrumb\"},\"inLanguage\":\"es\",\"potentialAction\":[{\"@type\":\"ReadAction\",\"target\":[\"https:\/\/www.eltako.com\/es\/informacion-sobre-la-privacidad-de-gfa5\/\"]}]},{\"@type\":\"BreadcrumbList\",\"@id\":\"https:\/\/www.eltako.com\/es\/informacion-sobre-la-privacidad-de-gfa5\/#breadcrumb\",\"itemListElement\":[{\"@type\":\"ListItem\",\"position\":1,\"name\":\"P\u00e1gina web\",\"item\":\"https:\/\/www.eltako.com\/es\/\"},{\"@type\":\"ListItem\",\"position\":2,\"name\":\"INFORMACI\u00d3N SOBRE LA PRIVACIDAD DE GFA5\"}]},{\"@type\":\"WebSite\",\"@id\":\"https:\/\/www.eltako.com\/en\/#website\",\"url\":\"https:\/\/www.eltako.com\/en\/\",\"name\":\"Eltako\",\"description\":\"Schaltger\u00e4te, Netzteile, Stromz\u00e4hler, Dimmer, Geb\u00e4udeinstallation, Steuerungstechnik, Smart Home-L\u00f6sungen, Geb\u00e4udefunk, EnOcean-Technologie\",\"potentialAction\":[{\"@type\":\"SearchAction\",\"target\":{\"@type\":\"EntryPoint\",\"urlTemplate\":\"https:\/\/www.eltako.com\/en\/?s={search_term_string}\"},\"query-input\":{\"@type\":\"PropertyValueSpecification\",\"valueRequired\":true,\"valueName\":\"search_term_string\"}}],\"inLanguage\":\"es\"}]}<\/script>\n<!-- \/ Yoast SEO plugin. -->","yoast_head_json":{"title":"INFORMACI\u00d3N SOBRE LA PRIVACIDAD DE GFA5 &#187; Eltako","robots":{"index":"index","follow":"follow","max-snippet":"max-snippet:-1","max-image-preview":"max-image-preview:large","max-video-preview":"max-video-preview:-1"},"canonical":"https:\/\/www.eltako.com\/es\/informacion-sobre-la-privacidad-de-gfa5\/","og_locale":"es_ES","og_type":"article","og_title":"INFORMACI\u00d3N SOBRE LA PRIVACIDAD DE GFA5 &#187; Eltako","og_description":"De conformidad con el Art. 13 del Reglamento General de Protecci\u00f3n de Datos DS-GVO. La protecci\u00f3n de datos es una preocupaci\u00f3n importante para nosotros y, por lo tanto, tambi\u00e9n forma parte de nuestro C\u00f3digo de Conducta. A continuaci\u00f3n, le informamos sobre qu\u00e9 datos personales recopilamos, es decir, sobre qu\u00e9 datos tenemos un poder de disposici\u00f3n [&hellip;]","og_url":"https:\/\/www.eltako.com\/es\/informacion-sobre-la-privacidad-de-gfa5\/","og_site_name":"Eltako","article_modified_time":"2023-05-04T07:26:06+00:00","twitter_card":"summary_large_image","twitter_misc":{"Tiempo de lectura":"7 minutos"},"schema":{"@context":"https:\/\/schema.org","@graph":[{"@type":"WebPage","@id":"https:\/\/www.eltako.com\/es\/informacion-sobre-la-privacidad-de-gfa5\/","url":"https:\/\/www.eltako.com\/es\/informacion-sobre-la-privacidad-de-gfa5\/","name":"INFORMACI\u00d3N SOBRE LA PRIVACIDAD DE GFA5 &#187; Eltako","isPartOf":{"@id":"https:\/\/www.eltako.com\/en\/#website"},"datePublished":"2023-05-04T07:08:45+00:00","dateModified":"2023-05-04T07:26:06+00:00","breadcrumb":{"@id":"https:\/\/www.eltako.com\/es\/informacion-sobre-la-privacidad-de-gfa5\/#breadcrumb"},"inLanguage":"es","potentialAction":[{"@type":"ReadAction","target":["https:\/\/www.eltako.com\/es\/informacion-sobre-la-privacidad-de-gfa5\/"]}]},{"@type":"BreadcrumbList","@id":"https:\/\/www.eltako.com\/es\/informacion-sobre-la-privacidad-de-gfa5\/#breadcrumb","itemListElement":[{"@type":"ListItem","position":1,"name":"P\u00e1gina web","item":"https:\/\/www.eltako.com\/es\/"},{"@type":"ListItem","position":2,"name":"INFORMACI\u00d3N SOBRE LA PRIVACIDAD DE GFA5"}]},{"@type":"WebSite","@id":"https:\/\/www.eltako.com\/en\/#website","url":"https:\/\/www.eltako.com\/en\/","name":"Eltako","description":"Schaltger\u00e4te, Netzteile, Stromz\u00e4hler, Dimmer, Geb\u00e4udeinstallation, Steuerungstechnik, Smart Home-L\u00f6sungen, Geb\u00e4udefunk, EnOcean-Technologie","potentialAction":[{"@type":"SearchAction","target":{"@type":"EntryPoint","urlTemplate":"https:\/\/www.eltako.com\/en\/?s={search_term_string}"},"query-input":{"@type":"PropertyValueSpecification","valueRequired":true,"valueName":"search_term_string"}}],"inLanguage":"es"}]}},"_links":{"self":[{"href":"https:\/\/www.eltako.com\/es\/wp-json\/wp\/v2\/pages\/129543","targetHints":{"allow":["GET"]}}],"collection":[{"href":"https:\/\/www.eltako.com\/es\/wp-json\/wp\/v2\/pages"}],"about":[{"href":"https:\/\/www.eltako.com\/es\/wp-json\/wp\/v2\/types\/page"}],"author":[{"embeddable":true,"href":"https:\/\/www.eltako.com\/es\/wp-json\/wp\/v2\/users\/39"}],"replies":[{"embeddable":true,"href":"https:\/\/www.eltako.com\/es\/wp-json\/wp\/v2\/comments?post=129543"}],"version-history":[{"count":4,"href":"https:\/\/www.eltako.com\/es\/wp-json\/wp\/v2\/pages\/129543\/revisions"}],"predecessor-version":[{"id":129549,"href":"https:\/\/www.eltako.com\/es\/wp-json\/wp\/v2\/pages\/129543\/revisions\/129549"}],"wp:attachment":[{"href":"https:\/\/www.eltako.com\/es\/wp-json\/wp\/v2\/media?parent=129543"}],"curies":[{"name":"wp","href":"https:\/\/api.w.org\/{rel}","templated":true}]}}