{"id":126461,"date":"2023-01-27T11:36:30","date_gmt":"2023-01-27T10:36:30","guid":{"rendered":"https:\/\/www.eltako.com\/datenschutzinformation-fuer-gfa5\/"},"modified":"2023-01-27T11:36:30","modified_gmt":"2023-01-27T10:36:30","slug":"datenschutzinformation-fuer-gfa5","status":"publish","type":"page","link":"https:\/\/www.eltako.com\/at\/datenschutzinformation-fuer-gfa5\/","title":{"rendered":"Datenschutzinformation f\u00fcr GFA5"},"content":{"rendered":"\n<h2 class=\"wp-block-heading\">nach Art. 13 der Datenschutz-Grundverordnung DS-GVO<\/h2>\n\n\n\n<div style=\"height:30px\" aria-hidden=\"true\" class=\"wp-block-spacer\"><\/div>\n\n\n\n<p>Datenschutz ist uns ein wichtiges Anliegen und daher auch Bestandteil unseres Code of Conduct. Nachfolgend informieren wir Sie, welche personenbezogenen Daten wir erheben, also \u00fcber welche Daten wir aktive Verf\u00fcgungsgewalt haben, auf welcher Rechtsgrundlage wir Daten verarbeiten und welche Rechte Ihnen zustehen.<\/p>\n\n\n\n<p><strong>1. Wer ist f\u00fcr die Datenverarbeitung verantwortlich und an wen k\u00f6nnen Sie sich wenden?<\/strong><br>Eltako GmbH<br>Hofener Stra\u00dfe 54<br>70736 Fellbach<br>Gesch\u00e4ftsf\u00fchrung: Horst Ulrich Ziegler, Ulrich Ziegler<br>E-Mail: <a href=\"mailto:info@eltako.de\">info@eltako.de<\/a><\/p>\n\n\n\n<p><strong>2. Kontaktdaten des Datenschutzbeauftragten<\/strong><br>Stefan Knecht<br>Tel.: +49 (0) 7021 487628<br>E-Mail: <a href=\"mailto:datenschutz@eltako.de\">datenschutz@eltako.de<\/a><\/p>\n\n\n\n<p><strong>3. Verarbeitungszwecke und Rechtsgrundlage<\/strong><br>Ihre personenbezogenen Daten werden nach den Bestimmungen der Datenschutz-Grundverordnung (DSGVO), dem Telekommunikations-Telemedien-Datenschutzgesetzt (TTDSG) und anderen relevanten Datenschutzvorschriften verarbeitet. Unseren Vertragsunterlagen (EULA) k\u00f6nnen Sie weitere Details und Erg\u00e4nzungen zu den Daten und deren Verarbeitungszwecke entnehmen.<\/p>\n\n\n\n<p><strong>3.1 Einwilligung (Art. 6 Abs. 1 Buchst. a DSGVO)<\/strong><br>Falls Sie uns eine aktive Einwilligung zu einer zweckgebundenen Verarbeitung von personenbezogenen Daten erteilt haben, ist die jeweilige Einwilligung Rechtsgrundlage f\u00fcr die dort genannte Verarbeitung. Sie k\u00f6nnen Einwilligungen jederzeit mit Wirkung f\u00fcr die Zukunft widerrufen. >> Bitte beachten Sie das Einwilligungen f\u00fcr die Datenverarbeitung in Deutschland erst ab 16 Jahren wirksam sind. Wenn Sie j\u00fcnger als 16 Jahre sind, fragen Sie bitte Ihre Erziehungsberechtigten um Erlaubnis. Die Einwilligung erteilen Sie z.B. indem Sie vorhandene Schnittstellen bzw. Komfortfunktionen aktivieren. Das ist insbesondere bei der Sprachsteuerung der Fall. Bitte beachten Sie vor der Aktivierung\/Einwilligung dazu die jeweils g\u00fcltigen Datenverarbeitungshinweise der Diensteanbieter welche Ihre Daten auch f\u00fcr eigene Zwecke verwenden. Wir verweisen in diesem Zusammenhang ausdr\u00fccklich auf Abs. Nr. 6 bzgl. geeigneter Garantien.<br><a href=\"https:\/\/policies.google.com\/privacy?hl=de\" target=\"_blank\" rel=\"noreferrer noopener\">https:\/\/policies.google.com\/privacy?hl=de<\/a><br><a href=\"https:\/\/www.amazon.de\/Datenschutzportal-f%C3%BCr-Alexa\/\" target=\"_blank\" rel=\"noreferrer noopener\">https:\/\/www.amazon.de\/Datenschutzportal-f%C3%BCr-Alexa\/<\/a><\/p>\n\n\n\n<p><strong>3.2 Erf\u00fcllung eines Vertrages (Art. 6 Abs. 1 lit. b)<\/strong><br>Wir verarbeiten Ihre personenbezogenen Daten auf Grundlage unseres Endnutzer-Lizenzvertrages mit Ihnen. Die Daten werden zu folgenden Zwecken verarbeitet:<\/p>\n\n\n\n<ul class=\"wp-block-list\">\n<li>Einrichtung eines Kundenkontos mit Cloud-Funktion<\/li>\n\n\n\n<li>Funktionalit\u00e4t gew\u00e4hrleisten<\/li>\n\n\n\n<li>Produkte und Dienste\/Dienstleistungen bereitstellen und verbessern<\/li>\n\n\n\n<li>Produktsupport<\/li>\n\n\n\n<li>Einhaltung des Lizenzvertrages \u00fcberpr\u00fcfen<\/li>\n\n\n\n<li>Dokumentation der Akzeptanz der EULA<\/li>\n<\/ul>\n\n\n\n<p><strong>3.3 Erf\u00fcllung rechtlicher Verpflichtungen (Art. 6 Abs. 1 Buchst. c DSGVO)<\/strong><br>Wir verarbeiten Ihre personenbezogenen Daten, wenn dies zur Erf\u00fcllung von rechtlichen Verpflichtungen erforderlich ist. Bspw. auf Anordnung eines Auskunftverfahrens oder einer Aufbewahrungsfrist gem. Abgabenordnung.<\/p>\n\n\n\n<p><strong>3.4 Berechtigtes Interesse von uns oder Dritten (Art. 6 Abs. 1 Buchst. f DSGVO)<\/strong><br>Wir k\u00f6nnen Ihre personenbezogenen Daten au\u00dferdem auf Basis einer Interessenabw\u00e4gung zur Wahrung des berechtigten Interesses von uns oder von Dritten verwenden. Dies erfolgt zu folgenden Zwecken:<\/p>\n\n\n\n<ul class=\"wp-block-list\">\n<li>f\u00fcr die Verteidigung oder Geltendmachung von Rechtsanspr\u00fcchen<\/li>\n\n\n\n<li>Missbrauchskontrolle und Sicherstellung der System- \/ Netzsicherheit<\/li>\n\n\n\n<li>Unpersonalisierte Statistiken zur Verbesserung der Produkte und Marketingkonzepte<\/li>\n\n\n\n<li>Interessensbezogene Werbung wird momentan nicht durchgef\u00fchrt. Sollte dies nachtr\u00e4glich implementiert werden, bekommen unsere Nutzer f\u00fcr die damit verbundene automatisierte Zusammenf\u00fchrung\/Auswertung von Daten eine OPT-OUT-M\u00f6glichkeit.<\/li>\n<\/ul>\n\n\n\n<p><strong>4. Kategorien von personenbezogenen Daten die von uns verarbeitet werden<\/strong><br>Folgende Daten werden verarbeitet:<\/p>\n\n\n\n<ul class=\"wp-block-list\">\n<li>Name, Vorname -> Sie m\u00fcssen hier nicht Ihren echten Namen eintragen. Ein Pseudonym ist ausreichend.<\/li>\n\n\n\n<li>Accountdaten (E-Mail-Adresse, Passwort und zugeh\u00f6rige bereit gestellte Inhalte (angelernte Ger\u00e4te &amp; Seriennummer))<\/li>\n\n\n\n<li>IP-Adresse und Zeitstempel<\/li>\n\n\n\n<li>Diagnosedaten<\/li>\n\n\n\n<li>System- und Ger\u00e4tedaten Ihres Endger\u00e4tes<\/li>\n\n\n\n<li>Ger\u00e4teereignisse und Ger\u00e4tezust\u00e4nde, wenn Sie einen Fehler melden<\/li>\n\n\n\n<li>Daten die bei der Aktivierung von Komfortfunktionen anfallen (z.B. Standort, Anbindung von Sprachsteuerung)<\/li>\n<\/ul>\n\n\n\n<p><strong>5. Wer erh\u00e4lt Ihre Daten?<\/strong><\/p>\n\n\n\n<ul class=\"wp-block-list\">\n<li>von uns eingesetzte Auftragsverarbeiter (Art. 28 DSGVO) bzw. Dienstleister f\u00fcr unterst\u00fctzende T\u00e4tigkeiten, insbesondere in den Bereichen IT-Dienstleistungen, Softwareanbieter, externe Rechenzentren, Unterst\u00fctzung\/Wartung von IT-Anwendungen, Hosting, Entwicklung, Analyse, Komfortfunktionen.<\/li>\n\n\n\n<li>Eigenst\u00e4ndige Dritte wenn dies zur Erf\u00fcllung von gesetzlichen Anforderungen notwendig ist (z.B. Steuerberater).<\/li>\n<\/ul>\n\n\n\n<p>Unsere ausgew\u00e4hlten Dienstleister m\u00fcssen besondere Vertraulichkeitsanforderungen erf\u00fcllen. Sie erhalten in begrenztem Umfang und Zeitraum Zugang zu personenbezogenen Daten, welcher f\u00fcr die Erf\u00fcllung der Aufgabe(n) erforderlich ist.<\/p>\n\n\n\n<p><strong>6. \u00dcbermittlung Ihrer Daten an ein Drittland oder an eine internationale Organisation<\/strong><br>Wenn Sie Komfortfunktionen, insbesondere die Sprachsteuerung, aktivieren erhalten Drittanbieter mit Sitz in einem unsicheren Drittland Ihre Daten. F\u00fcr diese Daten\u00fcbermittlungen liegen unseres Wissens nach keine geeigneten Garantien f\u00fcr Ihre Rechte und Freiheiten vor. Seien Sie sich dessen bitte bewusst bevor Sie diese Schnittstellen nutzen.<\/p>\n\n\n\n<p>Von unserer Seite aus findet keine Datenverarbeitung au\u00dferhalb der EU bzw. des EWR statt. Sollten wir uns nachtr\u00e4glich dazu entscheiden werden wir auf geeignete Garantien besonderen Wert legen.<\/p>\n\n\n\n<p><strong>7. Wie lange speichern wir Ihre Daten?<\/strong><br>Die Speicherdauer ist vom Verarbeitungszweck abh\u00e4ngig und erfolgt so lange es f\u00fcr die Erreichung des verfolgten Zwecks notwendig ist. Im Anschluss werden die Daten gel\u00f6scht oder unumkehrbar anonymisiert z.B. durch Aggregieren oder entfernen jeglicher Daten welche eine Re-Identifizierung erm\u00f6glichen w\u00fcrden.<br><br>Sofern ein rechtlicher Verj\u00e4hrungszeitraum besteht heben wir gewisse personenbezogene Daten bis zum Ende dieses Zeitraumes auf.<br><br>Insofern gesetzliche Verpflichtungen uns zu einer weiteren Speicherung veranlassen, wird die Verarbeitung eingeschr\u00e4nkt und die Daten f\u00fcr Zugriffe gesperrt.<br>Ihr Kundenkonto k\u00f6nnen Sie selbst \u00fcber die APP l\u00f6schen.<\/p>\n\n\n\n<p><strong>8. Inwieweit gibt es eine automatisierte Entscheidungsfindung im Einzelfall (einschlie\u00dflich Profiling)?<\/strong><br>Von uns werden keine rein automatisierten Entscheidungsverfahren gem\u00e4\u00df Artikel 22 DSGVO eingesetzt. Sollten wir diese Verfahren in Einzelf\u00e4llen einsetzen, werden wir Sie hier\u00fcber gesondert informieren, sofern dies gesetzlich vorgegeben ist.<\/p>\n\n\n\n<p><strong>9. Ihre Datenschutzrechte\u00a0<\/strong><br>Sie haben das Recht auf Auskunft nach Art. 15 DSGVO, das Recht auf Berichtigung nach Art. 16 DSGVO, das Recht auf L\u00f6schung nach Art. 17 DSGVO, das Recht auf Einschr\u00e4nkung der Verarbeitung nach Art. 18 DSGVO sowie das Recht auf Daten\u00fcbertragbarkeit aus Art. 20 DSGVO. Grunds\u00e4tzlich besteht nach Artikel 21 DSGVO das Widerspruchsrecht gegen die Verarbeitung von personenbezogenen Daten durch uns, sofern die Verarbeitung auf einem berechtigten Interesse (Art. 6 Abs. 1 f DSGVO) erfolgt. Dieses Widerspruchsrecht gilt allerdings nur bei Vorliegen ganz besonderer Umst\u00e4nde Ihrer pers\u00f6nlichen Situation, wobei Rechte unseres Hauses Ihrem Widerspruchsrecht ggf. entgegenstehen k\u00f6nnen.<br>Beim Auskunftsrecht und beim L\u00f6schungsrecht gelten die Einschr\u00e4nkungen nach \u00a7\u00a7 34 und 35 BDSG.<br>Falls Sie eines dieser Rechte geltend machen wollen, wenden Sie sich bitte an unseren Datenschutzbeauftragten unter <a href=\"mailto:datenschutz@eltako.de\">datenschutz@eltako.de<\/a>.<br><br>Ihnen steht ein Beschwerderecht bei der Datenschutzaufsichtsbeh\u00f6rde zu (Art. 77 DSGVO). Die f\u00fcr uns zust\u00e4ndige Aufsichtsbeh\u00f6rde ist:<br>Der Landesbeauftragte f\u00fcr den Datenschutz und die Informationsfreiheit<br>Lautenschlagerstra\u00dfe 20<br>70173 Stuttgart<\/p>\n\n\n\n<p><strong>10. Umfang Ihrer Pflichten, uns Ihre Daten bereitzustellen<\/strong><br>Sie brauchen nur diejenigen Daten bereitstellen die f\u00fcr die Vertragserf\u00fcllung insbesondere Funktionalit\u00e4t, Verbesserung und Supportleistungen notwendig sind. Bei optionalen Daten kann eine Nichtbereitstellung bedeuten, dass der Dienst nicht wie \u00fcblich erbracht werden kann wie z.B. bei der Aktivierung von Komfortfunktionen.<\/p>\n\n\n\n<div style=\"height:30px\" aria-hidden=\"true\" class=\"wp-block-spacer\"><\/div>\n\n\n\n<p>Stand: 27.01.2023<\/p>\n","protected":false},"excerpt":{"rendered":"<p>nach Art. 13 der Datenschutz-Grundverordnung DS-GVO Datenschutz ist uns ein wichtiges Anliegen und daher auch Bestandteil unseres Code of Conduct. Nachfolgend informieren wir Sie, welche personenbezogenen Daten wir erheben, also \u00fcber welche Daten wir aktive Verf\u00fcgungsgewalt haben, auf welcher Rechtsgrundlage wir Daten verarbeiten und welche Rechte Ihnen zustehen. 1. Wer ist f\u00fcr die Datenverarbeitung verantwortlich [&hellip;]<\/p>\n","protected":false},"author":39,"featured_media":0,"parent":0,"menu_order":0,"comment_status":"closed","ping_status":"closed","template":"","meta":{"_acf_changed":false,"footnotes":"","_links_to":"","_links_to_target":""},"class_list":["post-126461","page","type-page","status-publish","hentry"],"acf":[],"yoast_head":"<!-- This site is optimized with the Yoast SEO plugin v27.2 - https:\/\/yoast.com\/product\/yoast-seo-wordpress\/ -->\n<title>Datenschutzinformation f\u00fcr GFA5 &#187; Eltako<\/title>\n<meta name=\"robots\" content=\"index, follow, max-snippet:-1, max-image-preview:large, max-video-preview:-1\" \/>\n<link rel=\"canonical\" href=\"https:\/\/www.eltako.com\/at\/datenschutzinformation-fuer-gfa5\/\" \/>\n<meta property=\"og:locale\" content=\"en_US\" \/>\n<meta property=\"og:type\" content=\"article\" \/>\n<meta property=\"og:title\" content=\"Datenschutzinformation f\u00fcr GFA5 &#187; Eltako\" \/>\n<meta property=\"og:description\" content=\"nach Art. 13 der Datenschutz-Grundverordnung DS-GVO Datenschutz ist uns ein wichtiges Anliegen und daher auch Bestandteil unseres Code of Conduct. Nachfolgend informieren wir Sie, welche personenbezogenen Daten wir erheben, also \u00fcber welche Daten wir aktive Verf\u00fcgungsgewalt haben, auf welcher Rechtsgrundlage wir Daten verarbeiten und welche Rechte Ihnen zustehen. 1. Wer ist f\u00fcr die Datenverarbeitung verantwortlich [&hellip;]\" \/>\n<meta property=\"og:url\" content=\"https:\/\/www.eltako.com\/at\/datenschutzinformation-fuer-gfa5\/\" \/>\n<meta property=\"og:site_name\" content=\"Eltako\" \/>\n<meta name=\"twitter:card\" content=\"summary_large_image\" \/>\n<meta name=\"twitter:label1\" content=\"Est. reading time\" \/>\n\t<meta name=\"twitter:data1\" content=\"5 minutes\" \/>\n<script type=\"application\/ld+json\" class=\"yoast-schema-graph\">{\"@context\":\"https:\/\/schema.org\",\"@graph\":[{\"@type\":\"WebPage\",\"@id\":\"https:\/\/www.eltako.com\/at\/datenschutzinformation-fuer-gfa5\/\",\"url\":\"https:\/\/www.eltako.com\/at\/datenschutzinformation-fuer-gfa5\/\",\"name\":\"Datenschutzinformation f\u00fcr GFA5 &#187; Eltako\",\"isPartOf\":{\"@id\":\"https:\/\/www.eltako.com\/en\/#website\"},\"datePublished\":\"2023-01-27T10:36:30+00:00\",\"breadcrumb\":{\"@id\":\"https:\/\/www.eltako.com\/at\/datenschutzinformation-fuer-gfa5\/#breadcrumb\"},\"inLanguage\":\"at-AT\",\"potentialAction\":[{\"@type\":\"ReadAction\",\"target\":[\"https:\/\/www.eltako.com\/at\/datenschutzinformation-fuer-gfa5\/\"]}]},{\"@type\":\"BreadcrumbList\",\"@id\":\"https:\/\/www.eltako.com\/at\/datenschutzinformation-fuer-gfa5\/#breadcrumb\",\"itemListElement\":[{\"@type\":\"ListItem\",\"position\":1,\"name\":\"Home\",\"item\":\"https:\/\/www.eltako.com\/at\/\"},{\"@type\":\"ListItem\",\"position\":2,\"name\":\"Datenschutzinformation f\u00fcr GFA5\"}]},{\"@type\":\"WebSite\",\"@id\":\"https:\/\/www.eltako.com\/en\/#website\",\"url\":\"https:\/\/www.eltako.com\/en\/\",\"name\":\"Eltako\",\"description\":\"Schaltger\u00e4te, Netzteile, Stromz\u00e4hler, Dimmer, Geb\u00e4udeinstallation, Steuerungstechnik, Smart Home-L\u00f6sungen, Geb\u00e4udefunk, EnOcean-Technologie\",\"potentialAction\":[{\"@type\":\"SearchAction\",\"target\":{\"@type\":\"EntryPoint\",\"urlTemplate\":\"https:\/\/www.eltako.com\/en\/?s={search_term_string}\"},\"query-input\":{\"@type\":\"PropertyValueSpecification\",\"valueRequired\":true,\"valueName\":\"search_term_string\"}}],\"inLanguage\":\"at-AT\"}]}<\/script>\n<!-- \/ Yoast SEO plugin. -->","yoast_head_json":{"title":"Datenschutzinformation f\u00fcr GFA5 &#187; Eltako","robots":{"index":"index","follow":"follow","max-snippet":"max-snippet:-1","max-image-preview":"max-image-preview:large","max-video-preview":"max-video-preview:-1"},"canonical":"https:\/\/www.eltako.com\/at\/datenschutzinformation-fuer-gfa5\/","og_locale":"en_US","og_type":"article","og_title":"Datenschutzinformation f\u00fcr GFA5 &#187; Eltako","og_description":"nach Art. 13 der Datenschutz-Grundverordnung DS-GVO Datenschutz ist uns ein wichtiges Anliegen und daher auch Bestandteil unseres Code of Conduct. Nachfolgend informieren wir Sie, welche personenbezogenen Daten wir erheben, also \u00fcber welche Daten wir aktive Verf\u00fcgungsgewalt haben, auf welcher Rechtsgrundlage wir Daten verarbeiten und welche Rechte Ihnen zustehen. 1. Wer ist f\u00fcr die Datenverarbeitung verantwortlich [&hellip;]","og_url":"https:\/\/www.eltako.com\/at\/datenschutzinformation-fuer-gfa5\/","og_site_name":"Eltako","twitter_card":"summary_large_image","twitter_misc":{"Est. reading time":"5 minutes"},"schema":{"@context":"https:\/\/schema.org","@graph":[{"@type":"WebPage","@id":"https:\/\/www.eltako.com\/at\/datenschutzinformation-fuer-gfa5\/","url":"https:\/\/www.eltako.com\/at\/datenschutzinformation-fuer-gfa5\/","name":"Datenschutzinformation f\u00fcr GFA5 &#187; Eltako","isPartOf":{"@id":"https:\/\/www.eltako.com\/en\/#website"},"datePublished":"2023-01-27T10:36:30+00:00","breadcrumb":{"@id":"https:\/\/www.eltako.com\/at\/datenschutzinformation-fuer-gfa5\/#breadcrumb"},"inLanguage":"at-AT","potentialAction":[{"@type":"ReadAction","target":["https:\/\/www.eltako.com\/at\/datenschutzinformation-fuer-gfa5\/"]}]},{"@type":"BreadcrumbList","@id":"https:\/\/www.eltako.com\/at\/datenschutzinformation-fuer-gfa5\/#breadcrumb","itemListElement":[{"@type":"ListItem","position":1,"name":"Home","item":"https:\/\/www.eltako.com\/at\/"},{"@type":"ListItem","position":2,"name":"Datenschutzinformation f\u00fcr GFA5"}]},{"@type":"WebSite","@id":"https:\/\/www.eltako.com\/en\/#website","url":"https:\/\/www.eltako.com\/en\/","name":"Eltako","description":"Schaltger\u00e4te, Netzteile, Stromz\u00e4hler, Dimmer, Geb\u00e4udeinstallation, Steuerungstechnik, Smart Home-L\u00f6sungen, Geb\u00e4udefunk, EnOcean-Technologie","potentialAction":[{"@type":"SearchAction","target":{"@type":"EntryPoint","urlTemplate":"https:\/\/www.eltako.com\/en\/?s={search_term_string}"},"query-input":{"@type":"PropertyValueSpecification","valueRequired":true,"valueName":"search_term_string"}}],"inLanguage":"at-AT"}]}},"_links":{"self":[{"href":"https:\/\/www.eltako.com\/at\/wp-json\/wp\/v2\/pages\/126461","targetHints":{"allow":["GET"]}}],"collection":[{"href":"https:\/\/www.eltako.com\/at\/wp-json\/wp\/v2\/pages"}],"about":[{"href":"https:\/\/www.eltako.com\/at\/wp-json\/wp\/v2\/types\/page"}],"author":[{"embeddable":true,"href":"https:\/\/www.eltako.com\/at\/wp-json\/wp\/v2\/users\/39"}],"replies":[{"embeddable":true,"href":"https:\/\/www.eltako.com\/at\/wp-json\/wp\/v2\/comments?post=126461"}],"version-history":[{"count":0,"href":"https:\/\/www.eltako.com\/at\/wp-json\/wp\/v2\/pages\/126461\/revisions"}],"wp:attachment":[{"href":"https:\/\/www.eltako.com\/at\/wp-json\/wp\/v2\/media?parent=126461"}],"curies":[{"name":"wp","href":"https:\/\/api.w.org\/{rel}","templated":true}]}}